{"id":1301,"date":"2019-11-26T17:57:28","date_gmt":"2019-11-26T16:57:28","guid":{"rendered":"http:\/\/www.lyceecharlescoulomb.fr\/site\/?page_id=1301"},"modified":"2020-01-14T18:37:32","modified_gmt":"2020-01-14T17:37:32","slug":"les-enseignements-optionnels","status":"publish","type":"page","link":"http:\/\/www.lyceecharlescoulomb.fr\/site\/?page_id=1301","title":{"rendered":"Les enseignements optionnels"},"content":{"rendered":"\t\t<div data-elementor-type=\"wp-page\" data-elementor-id=\"1301\" class=\"elementor elementor-1301\">\n\t\t\t\t\t\t<section class=\"elementor-section elementor-top-section elementor-element elementor-element-d816549 elementor-section-boxed elementor-section-height-default elementor-section-height-default\" data-id=\"d816549\" data-element_type=\"section\" data-e-type=\"section\">\n\t\t\t\t\t\t<div class=\"elementor-container elementor-column-gap-default\">\n\t\t\t\t\t<div class=\"elementor-column elementor-col-100 elementor-top-column elementor-element elementor-element-cd076ae\" data-id=\"cd076ae\" data-element_type=\"column\" data-e-type=\"column\">\n\t\t\t<div class=\"elementor-widget-wrap elementor-element-populated\">\n\t\t\t\t\t\t<div class=\"elementor-element elementor-element-fec527c elementor-widget elementor-widget-heading\" data-id=\"fec527c\" data-element_type=\"widget\" data-e-type=\"widget\" data-widget_type=\"heading.default\">\n\t\t\t\t<div class=\"elementor-widget-container\">\n\t\t\t\t\t<h2 class=\"elementor-heading-title elementor-size-default\">Enseignements optionnels en Terminale<\/h2>\t\t\t\t<\/div>\n\t\t\t\t<\/div>\n\t\t\t\t\t<\/div>\n\t\t<\/div>\n\t\t\t\t\t<\/div>\n\t\t<\/section>\n\t\t\t\t<section class=\"elementor-section elementor-top-section elementor-element elementor-element-bfca7e8 elementor-section-boxed elementor-section-height-default elementor-section-height-default\" data-id=\"bfca7e8\" data-element_type=\"section\" data-e-type=\"section\">\n\t\t\t\t\t\t<div class=\"elementor-container elementor-column-gap-default\">\n\t\t\t\t\t<div class=\"elementor-column elementor-col-100 elementor-top-column elementor-element elementor-element-ddc385d\" data-id=\"ddc385d\" data-element_type=\"column\" data-e-type=\"column\">\n\t\t\t<div class=\"elementor-widget-wrap elementor-element-populated\">\n\t\t\t\t\t\t<div class=\"elementor-element elementor-element-56bb7d3 elementor-tabs-view-horizontal elementor-widget elementor-widget-tabs\" data-id=\"56bb7d3\" data-element_type=\"widget\" data-e-type=\"widget\" data-widget_type=\"tabs.default\">\n\t\t\t\t<div class=\"elementor-widget-container\">\n\t\t\t\t\t\t\t<div class=\"elementor-tabs\">\n\t\t\t<div class=\"elementor-tabs-wrapper\" role=\"tablist\" >\n\t\t\t\t\t\t\t\t\t<div id=\"elementor-tab-title-9091\" class=\"elementor-tab-title elementor-tab-desktop-title\" aria-selected=\"true\" data-tab=\"1\" role=\"tab\" tabindex=\"0\" aria-controls=\"elementor-tab-content-9091\" aria-expanded=\"false\">MATHEMATIQUES <br>COMPLEMENTAIRES<\/div>\n\t\t\t\t\t\t\t\t\t<div id=\"elementor-tab-title-9092\" class=\"elementor-tab-title elementor-tab-desktop-title\" aria-selected=\"false\" data-tab=\"2\" role=\"tab\" tabindex=\"-1\" aria-controls=\"elementor-tab-content-9092\" aria-expanded=\"false\">MATHEMATIQUES<br> EXPERTES<\/div>\n\t\t\t\t\t\t\t\t\t<div id=\"elementor-tab-title-9093\" class=\"elementor-tab-title elementor-tab-desktop-title\" aria-selected=\"false\" data-tab=\"3\" role=\"tab\" tabindex=\"-1\" aria-controls=\"elementor-tab-content-9093\" aria-expanded=\"false\">DROIT ET GRANDS ENJEUX <br>DU MONDE CONTEMPORAIN<\/div>\n\t\t\t\t\t\t\t<\/div>\n\t\t\t<div class=\"elementor-tabs-content-wrapper\" role=\"tablist\" aria-orientation=\"vertical\">\n\t\t\t\t\t\t\t\t\t<div class=\"elementor-tab-title elementor-tab-mobile-title\" aria-selected=\"true\" data-tab=\"1\" role=\"tab\" tabindex=\"0\" aria-controls=\"elementor-tab-content-9091\" aria-expanded=\"false\">MATHEMATIQUES <br>COMPLEMENTAIRES<\/div>\n\t\t\t\t\t<div id=\"elementor-tab-content-9091\" class=\"elementor-tab-content elementor-clearfix\" data-tab=\"1\" role=\"tabpanel\" aria-labelledby=\"elementor-tab-title-9091\" tabindex=\"0\" hidden=\"false\"><p><b>Math\u00e9matiques compl\u00e9mentaires\u00a0:<\/b><\/p><ul><li><p><span style=\"font-size: 12pt;\">Destin\u00e9 aux \u00e9l\u00e8ves qui abandonnent l\u2019enseignement de sp\u00e9cialit\u00e9 de math\u00e9matiques en classe de premi\u00e8re.<\/span><\/p><\/li><li><p><span style=\"font-size: 12pt;\">Un enseignement <span style=\"font-family: Arial, serif;\">qui vise la consolidation de leurs connaissances et les pr\u00e9pare aux \u00e9tudes sup\u00e9rieures<\/span> en particulier en m\u00e9decine, \u00e9conomie ou sciences sociales.<\/span><\/p><\/li><li><p><span style=\"font-size: 12pt;\">Une approche nouvelle par th\u00e8me d\u2019\u00e9tude, avec des probl\u00e8mes issus des autres disciplines ou internes aux math\u00e9matiques.<\/span><\/p><\/li><\/ul><p>Au programme\u00a0:<\/p><ul><li><p><b>Etude de fonction (d\u00e9riv\u00e9es, calculs int\u00e9grales, fonction logarithme)<\/b><\/p><\/li><li><p><b>Statistique<\/b><\/p><\/li><li><p><b>Probabilit\u00e9<\/b><\/p><\/li><li><p><b>Algorithme et programmation<\/b><\/p><\/li><\/ul><p><img fetchpriority=\"high\" decoding=\"async\" class=\"alignleft wp-image-1435\" src=\"http:\/\/www.lyceecharlescoulomb.fr\/site\/wp-content\/uploads\/2020\/01\/image2_maths_complementaire.png\" alt=\"\" width=\"447\" height=\"305\" srcset=\"http:\/\/www.lyceecharlescoulomb.fr\/site\/wp-content\/uploads\/2020\/01\/image2_maths_complementaire.png 628w, http:\/\/www.lyceecharlescoulomb.fr\/site\/wp-content\/uploads\/2020\/01\/image2_maths_complementaire-300x204.png 300w\" sizes=\"(max-width: 447px) 100vw, 447px\" \/><\/p><p><img decoding=\"async\" class=\"size-full wp-image-1434 alignnone\" src=\"http:\/\/www.lyceecharlescoulomb.fr\/site\/wp-content\/uploads\/2020\/01\/image1_maths_complementaire.jpg\" alt=\"\" width=\"633\" height=\"298\" srcset=\"http:\/\/www.lyceecharlescoulomb.fr\/site\/wp-content\/uploads\/2020\/01\/image1_maths_complementaire.jpg 633w, http:\/\/www.lyceecharlescoulomb.fr\/site\/wp-content\/uploads\/2020\/01\/image1_maths_complementaire-300x141.jpg 300w\" sizes=\"(max-width: 633px) 100vw, 633px\" \/><\/p><\/div>\n\t\t\t\t\t\t\t\t\t<div class=\"elementor-tab-title elementor-tab-mobile-title\" aria-selected=\"false\" data-tab=\"2\" role=\"tab\" tabindex=\"-1\" aria-controls=\"elementor-tab-content-9092\" aria-expanded=\"false\">MATHEMATIQUES<br> EXPERTES<\/div>\n\t\t\t\t\t<div id=\"elementor-tab-content-9092\" class=\"elementor-tab-content elementor-clearfix\" data-tab=\"2\" role=\"tabpanel\" aria-labelledby=\"elementor-tab-title-9092\" tabindex=\"0\" hidden=\"hidden\"><ul><li><p><span style=\"font-size: 12pt;\">Destin\u00e9 aux \u00e9l\u00e8ves qui ont un go\u00fbt affirm\u00e9 pour les math\u00e9matiques et qui <span style=\"font-family: Arial, serif;\">envisagent des classes pr\u00e9paratoires ou des \u00e9tudes de math\u00e9matiques \u00e0 l\u2019Universit\u00e9.<\/span><\/span><\/p><\/li><li><p>Permet d\u2019aborder de fa\u00e7on approfondie d\u2019autres champs d\u2019\u00e9tude que ceux propos\u00e9s par l\u2019enseignement de sp\u00e9cialit\u00e9.<\/p><\/li><\/ul><p>Au programme\u00a0:<\/p><ul><li><p><b>Nombres complexes<\/b><\/p><\/li><li><p><b>Equations polynomiales<\/b><\/p><\/li><li><p><b>Arithm\u00e9tique, graphes et matrices.<\/b><\/p><\/li><\/ul><p><img decoding=\"async\" class=\"alignleft size-full wp-image-1438\" src=\"http:\/\/www.lyceecharlescoulomb.fr\/site\/wp-content\/uploads\/2020\/01\/image1_maths_experte.png\" alt=\"\" width=\"844\" height=\"306\" srcset=\"http:\/\/www.lyceecharlescoulomb.fr\/site\/wp-content\/uploads\/2020\/01\/image1_maths_experte.png 844w, http:\/\/www.lyceecharlescoulomb.fr\/site\/wp-content\/uploads\/2020\/01\/image1_maths_experte-300x109.png 300w, http:\/\/www.lyceecharlescoulomb.fr\/site\/wp-content\/uploads\/2020\/01\/image1_maths_experte-768x278.png 768w\" sizes=\"(max-width: 844px) 100vw, 844px\" \/><img loading=\"lazy\" decoding=\"async\" class=\" wp-image-1439 alignleft\" src=\"http:\/\/www.lyceecharlescoulomb.fr\/site\/wp-content\/uploads\/2020\/01\/image2_maths_experte.jpg\" alt=\"\" width=\"525\" height=\"294\" \/><\/p><\/div>\n\t\t\t\t\t\t\t\t\t<div class=\"elementor-tab-title elementor-tab-mobile-title\" aria-selected=\"false\" data-tab=\"3\" role=\"tab\" tabindex=\"-1\" aria-controls=\"elementor-tab-content-9093\" aria-expanded=\"false\">DROIT ET GRANDS ENJEUX <br>DU MONDE CONTEMPORAIN<\/div>\n\t\t\t\t\t<div id=\"elementor-tab-content-9093\" class=\"elementor-tab-content elementor-clearfix\" data-tab=\"3\" role=\"tabpanel\" aria-labelledby=\"elementor-tab-title-9093\" tabindex=\"0\" hidden=\"hidden\"><p lang=\"zxx\"><span style=\"font-family: Segoe UI Semibold, sans-serif;\"><b><u>AUCUNE SP\u00c9CIALIT\u00c9 SP\u00c9CIFIQUE N&rsquo;EST REQUISE<\/u><\/b><\/span><\/p><p lang=\"zxx\"><span style=\"font-family: Segoe UI Semibold, sans-serif;\"><b> Dur\u00e9e\u00a0: 3 heures par semaine.<\/b><\/span><\/p><p lang=\"zxx\"><span style=\"font-family: Segoe UI Semibold, sans-serif;\"><b> Baccalaur\u00e9at\u00a0: inclus dans la moyenne g\u00e9n\u00e9rale des bulletins.<\/b><\/span><\/p><p lang=\"zxx\" align=\"justify\"><span style=\"color: #000000;\"><span style=\"font-family: Segoe UI Semibold, sans-serif;\"><span style=\"font-size: medium;\"><img loading=\"lazy\" decoding=\"async\" class=\"alignleft size-thumbnail wp-image-1479\" src=\"http:\/\/www.lyceecharlescoulomb.fr\/site\/wp-content\/uploads\/2020\/01\/justice-200x200.jpg\" alt=\"\" width=\"200\" height=\"200\" \/><\/span><\/span><\/span><span style=\"font-family: Segoe UI Semibold, sans-serif;\"><span style=\"font-size: medium;\"><b><span style=\"color: #000000;\">Cet enseignement vise \u00e0 \u00e9largir les perspectives des \u00e9l\u00e8ves de terminale tant au niveau de la culture g\u00e9n\u00e9rale que de la formation du citoyen.<\/span><\/b><\/span><\/span><\/p><p lang=\"zxx\" align=\"justify\"><span style=\"font-family: Segoe UI Semibold, sans-serif;\"><span style=\"font-size: medium;\"><b><span style=\"color: #000000;\">L\u2019objectif de cet enseignement n\u2019est pas d\u2019offrir une anticipation d\u2019une premi\u00e8re ann\u00e9e de droit \u00e0 l\u2019universit\u00e9 \u2013 quoiqu\u2019il puisse susciter chez certains \u00e9l\u00e8ves le go\u00fbt d\u2019une telle orientation \u00e0 l\u2019avenir \u2013 mais de donner aux \u00e9l\u00e8ves l\u2019occasion de r\u00e9fl\u00e9chir \u00e0 l\u2019existence et \u00e0 l\u2019utilit\u00e9 du droit.<\/span><\/b><\/span><\/span><\/p><p lang=\"zxx\" align=\"justify\"><span style=\"font-family: Segoe UI Semibold, sans-serif;\"><span style=\"font-size: medium;\"><span style=\"color: #000000;\"><b>Les contenus portent sur<\/b><\/span><span style=\"color: #000000;\"> de questions concr\u00e8tes qui mettent en sc\u00e8ne des situations r\u00e9elles afin d\u2019identifier comment le droit y est pr\u00e9sent et avec quels instruments, quels r\u00e9sultats et quelles limites il y r\u00e9pond.<\/span><\/span><\/span><\/p><p lang=\"zxx\" align=\"justify\"><span style=\"color: #000000;\"><span style=\"font-family: Segoe UI Semibold, sans-serif;\"><span style=\"font-size: medium;\">Cet enseignement est propice au travail de groupe et au d\u00e9veloppement de ses capacit\u00e9s orales. Il s&rsquo;agit des comp\u00e9tences transversales vis\u00e9es par cet enseignement.<\/span><\/span><\/span><\/p><p lang=\"zxx\" align=\"justify\"><span style=\"color: #000000;\"><span style=\"font-family: Segoe UI Semibold, sans-serif;\"><span style=\"font-size: medium;\">Les 33 questions possibles du programme sont tr\u00e8s diverses. Ci-dessous quelques questionnements du programme\u00a0:<\/span><\/span><\/span><\/p><ul style=\"list-style-type: disc;\"><li lang=\"zxx\"><span style=\"color: #000000;\"><span style=\"font-family: Segoe UI Semibold, sans-serif;\"><span style=\"font-size: medium;\">Quelles limites \u00e0 l\u2019assistance m\u00e9dicale \u00e0 la procr\u00e9ation ?<\/span><\/span><\/span><\/li><li lang=\"zxx\"><span style=\"color: #000000;\"><span style=\"font-family: Segoe UI Semibold, sans-serif;\"><span style=\"font-size: medium;\">L\u2019\u00c9tat a-t-il vocation \u00e0 limiter certaines pratiques sexuelles ?<\/span><\/span><\/span><\/li><li lang=\"zxx\"><span style=\"color: #000000;\"><span style=\"font-family: Segoe UI Semibold, sans-serif;\"><span style=\"font-size: medium;\">Quels sont les principaux droits de l\u2019enfant ? <\/span><\/span><\/span><\/li><li lang=\"zxx\"><span style=\"color: #000000;\"><span style=\"font-family: Segoe UI Semibold, sans-serif;\"><span style=\"font-size: medium;\">Comment le droit peut-il appr\u00e9hender la cybercriminalit\u00e9 ?<\/span><\/span><\/span><\/li><li lang=\"zxx\"><span style=\"color: #000000;\"><span style=\"font-family: Segoe UI Semibold, sans-serif;\"><span style=\"font-size: medium;\">\u00c0 quelles conditions juridiques une entreprise peut-elle \u00eatre responsable d\u2019un pr\u00e9judice \u00e9cologique ?<\/span><\/span><\/span><\/li><li lang=\"zxx\"><span style=\"color: #000000;\"><span style=\"font-family: Segoe UI Semibold, sans-serif;\"><span style=\"font-size: medium;\">Peut-on choisir les conditions de sa mort ?<\/span><\/span><\/span><\/li><li lang=\"zxx\"><span style=\"color: #000000;\"><span style=\"font-family: Segoe UI Semibold, sans-serif;\"><span style=\"font-size: medium;\">Qu\u2019est-ce que la diffamation ?<\/span><\/span><\/span><\/li><li lang=\"zxx\"><span style=\"color: #000000;\"><span style=\"font-family: Segoe UI Semibold, sans-serif;\"><span style=\"font-size: medium;\">Quels d\u00e9fis l\u2019intelligence artificielle pose-t-elle pour les juristes ?<\/span><\/span><\/span><\/li><\/ul><\/div>\n\t\t\t\t\t\t\t<\/div>\n\t\t<\/div>\n\t\t\t\t\t\t<\/div>\n\t\t\t\t<\/div>\n\t\t\t\t\t<\/div>\n\t\t<\/div>\n\t\t\t\t\t<\/div>\n\t\t<\/section>\n\t\t\t\t<\/div>\n\t\t","protected":false},"excerpt":{"rendered":"<p>Enseignements optionnels en Terminale MATHEMATIQUES COMPLEMENTAIRES MATHEMATIQUES EXPERTES DROIT ET GRANDS ENJEUX DU MONDE CONTEMPORAIN MATHEMATIQUES COMPLEMENTAIRES Math\u00e9matiques compl\u00e9mentaires\u00a0: Destin\u00e9 aux \u00e9l\u00e8ves qui abandonnent l\u2019enseignement de sp\u00e9cialit\u00e9 de math\u00e9matiques en [&hellip;]<\/p>\n","protected":false},"author":1,"featured_media":0,"parent":1055,"menu_order":3,"comment_status":"closed","ping_status":"closed","template":"","meta":{"ocean_post_layout":"","ocean_both_sidebars_style":"","ocean_both_sidebars_content_width":0,"ocean_both_sidebars_sidebars_width":0,"ocean_sidebar":"0","ocean_second_sidebar":"0","ocean_disable_margins":"enable","ocean_add_body_class":"","ocean_shortcode_before_top_bar":"","ocean_shortcode_after_top_bar":"","ocean_shortcode_before_header":"","ocean_shortcode_after_header":"","ocean_has_shortcode":"","ocean_shortcode_after_title":"","ocean_shortcode_before_footer_widgets":"","ocean_shortcode_after_footer_widgets":"","ocean_shortcode_before_footer_bottom":"","ocean_shortcode_after_footer_bottom":"","ocean_display_top_bar":"default","ocean_display_header":"default","ocean_header_style":"","ocean_center_header_left_menu":"0","ocean_custom_header_template":"0","ocean_custom_logo":0,"ocean_custom_retina_logo":0,"ocean_custom_logo_max_width":0,"ocean_custom_logo_tablet_max_width":0,"ocean_custom_logo_mobile_max_width":0,"ocean_custom_logo_max_height":0,"ocean_custom_logo_tablet_max_height":0,"ocean_custom_logo_mobile_max_height":0,"ocean_header_custom_menu":"0","ocean_menu_typo_font_family":"0","ocean_menu_typo_font_subset":"","ocean_menu_typo_font_size":0,"ocean_menu_typo_font_size_tablet":0,"ocean_menu_typo_font_size_mobile":0,"ocean_menu_typo_font_size_unit":"px","ocean_menu_typo_font_weight":"","ocean_menu_typo_font_weight_tablet":"","ocean_menu_typo_font_weight_mobile":"","ocean_menu_typo_transform":"","ocean_menu_typo_transform_tablet":"","ocean_menu_typo_transform_mobile":"","ocean_menu_typo_line_height":0,"ocean_menu_typo_line_height_tablet":0,"ocean_menu_typo_line_height_mobile":0,"ocean_menu_typo_line_height_unit":"","ocean_menu_typo_spacing":0,"ocean_menu_typo_spacing_tablet":0,"ocean_menu_typo_spacing_mobile":0,"ocean_menu_typo_spacing_unit":"","ocean_menu_link_color":"","ocean_menu_link_color_hover":"","ocean_menu_link_color_active":"","ocean_menu_link_background":"","ocean_menu_link_hover_background":"","ocean_menu_link_active_background":"","ocean_menu_social_links_bg":"","ocean_menu_social_hover_links_bg":"","ocean_menu_social_links_color":"","ocean_menu_social_hover_links_color":"","ocean_disable_title":"default","ocean_disable_heading":"default","ocean_post_title":"","ocean_post_subheading":"","ocean_post_title_style":"","ocean_post_title_background_color":"","ocean_post_title_background":0,"ocean_post_title_bg_image_position":"","ocean_post_title_bg_image_attachment":"","ocean_post_title_bg_image_repeat":"","ocean_post_title_bg_image_size":"","ocean_post_title_height":0,"ocean_post_title_bg_overlay":0.5,"ocean_post_title_bg_overlay_color":"","ocean_disable_breadcrumbs":"default","ocean_breadcrumbs_color":"","ocean_breadcrumbs_separator_color":"","ocean_breadcrumbs_links_color":"","ocean_breadcrumbs_links_hover_color":"","ocean_display_footer_widgets":"default","ocean_display_footer_bottom":"default","ocean_custom_footer_template":"0","footnotes":""},"class_list":["post-1301","page","type-page","status-publish","hentry","entry"],"_links":{"self":[{"href":"http:\/\/www.lyceecharlescoulomb.fr\/site\/index.php?rest_route=\/wp\/v2\/pages\/1301","targetHints":{"allow":["GET"]}}],"collection":[{"href":"http:\/\/www.lyceecharlescoulomb.fr\/site\/index.php?rest_route=\/wp\/v2\/pages"}],"about":[{"href":"http:\/\/www.lyceecharlescoulomb.fr\/site\/index.php?rest_route=\/wp\/v2\/types\/page"}],"author":[{"embeddable":true,"href":"http:\/\/www.lyceecharlescoulomb.fr\/site\/index.php?rest_route=\/wp\/v2\/users\/1"}],"replies":[{"embeddable":true,"href":"http:\/\/www.lyceecharlescoulomb.fr\/site\/index.php?rest_route=%2Fwp%2Fv2%2Fcomments&post=1301"}],"version-history":[{"count":11,"href":"http:\/\/www.lyceecharlescoulomb.fr\/site\/index.php?rest_route=\/wp\/v2\/pages\/1301\/revisions"}],"predecessor-version":[{"id":1493,"href":"http:\/\/www.lyceecharlescoulomb.fr\/site\/index.php?rest_route=\/wp\/v2\/pages\/1301\/revisions\/1493"}],"up":[{"embeddable":true,"href":"http:\/\/www.lyceecharlescoulomb.fr\/site\/index.php?rest_route=\/wp\/v2\/pages\/1055"}],"wp:attachment":[{"href":"http:\/\/www.lyceecharlescoulomb.fr\/site\/index.php?rest_route=%2Fwp%2Fv2%2Fmedia&parent=1301"}],"curies":[{"name":"wp","href":"https:\/\/api.w.org\/{rel}","templated":true}]}}