{"id":255,"date":"2022-07-12T12:10:10","date_gmt":"2022-07-12T10:10:10","guid":{"rendered":"http:\/\/www.lyceecharlescoulomb.fr\/site\/?p=255"},"modified":"2022-07-05T14:58:16","modified_gmt":"2022-07-05T12:58:16","slug":"les-instances-participatives","status":"publish","type":"page","link":"http:\/\/www.lyceecharlescoulomb.fr\/site\/?page_id=255","title":{"rendered":"Les instances participatives"},"content":{"rendered":"\r\n<h2 class=\"wp-block-heading\">Conseil de Vie Lyc\u00e9enne (<strong>CVL<\/strong>)<\/h2>\r\n\r\n\r\n\r\n<p>Le CVL est\u00a0 une instance \u00a0o\u00f9 les lyc\u00e9ens sont associ\u00e9s aux d\u00e9cisions de l&rsquo;\u00e9tablissement. Il est obligatoirement consult\u00e9 sur un certain nombre de questions li\u00e9es \u00e0 la vie g\u00e9n\u00e9rale de l&rsquo;\u00e9tablissement. Les \u00e9lus y repr\u00e9sentent les \u00e9l\u00e8ves de leur \u00e9tablissement.<\/p>\r\n<p>Pr\u00e9sentation par un \u00e9l\u00e8ve :<\/p>\r\n<center>\r\n<div style=\"width: 640px;\" class=\"wp-video\"><video class=\"wp-video-shortcode\" id=\"video-255-1\" width=\"640\" height=\"360\" preload=\"metadata\" controls=\"controls\"><source type=\"video\/mp4\" src=\"http:\/\/www.lyceecharlescoulomb.fr\/site\/videos\/2022\/CVL.mp4?_=1\" \/><a href=\"http:\/\/www.lyceecharlescoulomb.fr\/site\/videos\/2022\/CVL.mp4\">http:\/\/www.lyceecharlescoulomb.fr\/site\/videos\/2022\/CVL.mp4<\/a><\/video><\/div><\/center>\r\n\r\n\r\n\r\n<p><br \/><strong>Membres du CVL :\u00a0<\/strong><\/p>\r\n\r\n\r\n\r\n<p>10 lyc\u00e9ens \u00e9lus pour deux ans, par l&rsquo;ensemble des \u00e9l\u00e8ves de l&rsquo;\u00e9tablissement, et renouvel\u00e9s par moiti\u00e9 tous les ans.<br \/>10 adultes (5 enseignants ou personnels d&rsquo;\u00e9ducation, 3 personnels administratifs, sociaux et de sant\u00e9, techniques, ouvriers et de service (ATOSS), 2 repr\u00e9sentants des parents d&rsquo;\u00e9l\u00e8ves) . Les adultes ont un r\u00f4le consultatif : ils ne participent pas aux votes.<\/p>\r\n\r\n\r\n\r\n<p>Au lyc\u00e9e Charles Augustin Coulomb, les d\u00e9l\u00e9gu\u00e9s de classes sont associ\u00e9s aux groupes de travail du CVL. 4 groupes sont en place depuis 2012-2013\u00a0:<\/p>\r\n\r\n\r\n\r\n<ul class=\"wp-block-list\">\r\n<li><strong>\u00ab\u00a0Bien vivre au lyc\u00e9e\u00a0\u00bb<\/strong><\/li>\r\n<li><strong>Communication \/ diffusion de l\u2019information\u00a0\u00bb<\/strong><\/li>\r\n<li><strong>L\u2019orientation\u00a0\u00bb<\/strong><\/li>\r\n<li><strong>\u00ab\u00a0La vie \u00e9tudiante\u00a0\u00bb<\/strong><\/li>\r\n<\/ul>\r\n\r\n\r\n\r\n<p>&nbsp;<\/p>\r\n\r\n\r\n\r\n<p>Les \u00e9lus CVL ont permis\u00a0 entre autre : la mise en place d\u2019\u00e9crans pour la diffusion d\u2019information en interne, l\u2019am\u00e9nagement du hall de l\u2019internat, la participation aux commissions menus, des rencontres sportives et culturelles inter \u00e9tudiants,\u00a0l\u2019am\u00e9nagement d\u2019une salle d\u00e9tente et d\u2019une salle pour s\u2019informer (Journaux, TV), \u2026<\/p>\r\n\r\n\r\n\r\n<p><strong>Inter CVL<\/strong>\u00a0: en partenariat avec les \u00e9tablissements voisins (EREA, LISA et coll\u00e8ge Pierre Bodet), la ville d\u2019Angoul\u00eame et GRDF, les \u00e9lus CVL ont \u00e9galement mis en place un projet <strong>\u00ab\u00a0\u00e9co lyc\u00e9en\u00a0\u00bb<\/strong>.\u00a0 Il s\u2019agit d\u2019une action de sensibilisation \u00e0 l\u2019environnement\u00a0 et de nettoyage du quartier<\/p>\r\n\r\n\r\n\r\n<p><strong>Comit\u00e9 d\u2019Education \u00e0 la Sant\u00e9 et \u00e0 la Citoyennet\u00e9 (CESC)<\/strong><\/p>\r\n\r\n\r\n\r\n<p><br \/>Le CESC est une instance de r\u00e9flexion, d\u2019observation et de veille qui con\u00e7oit, met en \u0153uvre et \u00e9value un projet \u00e9ducatif.<br \/>Il constitue un cadre privil\u00e9gi\u00e9 pour la d\u00e9finition et la mise en \u0153uvre d\u2019une \u00e9ducation \u00e0 la citoyennet\u00e9 et \u00e0 la sant\u00e9 et d\u2019une pr\u00e9vention en mati\u00e8re de conduites \u00e0 risque et de d\u00e9pendances.<br \/>Il associe aux membres de la communaut\u00e9 \u00e9ducative, les \u00e9l\u00e8ves, les parents et les partenaires ext\u00e9rieurs dans une logique de r\u00e9seau et de renforcement des liens.<br \/>Cette d\u00e9marche globale et f\u00e9d\u00e9ratrice permet de donner plus de coh\u00e9rence et de lisibilit\u00e9 \u00e0 la politique de l\u2019\u00e9tablissement.<\/p>\r\n\r\n\r\n\r\n<p><br \/>Th\u00e8mes abord\u00e9s 2014\/ 2015\u00a0: <br \/>Pr\u00e9vention des conduites \u00e0 risques, sommeil, mal \u00eatre, gaspillage alimentaire, consommations et addictions, formation des d\u00e9l\u00e9gu\u00e9s, cyber harc\u00e8lement, travail autour de la notion de la\u00efcit\u00e9\u2026 \u00a0l\u2019ensemble de ces actions peuvent prendre diff\u00e9rentes formes\u00a0: conf\u00e9rences, d\u00e9bats, th\u00e9\u00e2tre interactif, expositions, heures de vie de classe etc.<\/p>\r\n\r\n\r\n\r\n<p><strong>R\u00e9unions de d\u00e9l\u00e9gu\u00e9s de dortoir<\/strong><br \/>Etre interne, cela signifie n\u00e9cessairement \u00eatre confront\u00e9 \u00e0 la probl\u00e9matique du \u00ab\u00a0vivre ensemble\u00a0\u00bb, du respect de l\u2019autre. Les \u00e9l\u00e8ves sont amen\u00e9s tout au long de l\u2019ann\u00e9e \u00e0 s\u2019impliquer dans la vie du lyc\u00e9e en relayant des informations \u00e0 leurs camarades, en proposant des am\u00e9liorations de la vie quotidienne ou en organisant des \u00e9v\u00e8nements. Ce fonctionnement favorise un climat scolaire apais\u00e9 et d\u00e9veloppe un fort sentiment d\u2019appartenance \u00e0 l\u2019\u00e9tablissement.<\/p>\r\n","protected":false},"excerpt":{"rendered":"<p>Conseil de Vie Lyc\u00e9enne (CVL) Le CVL est\u00a0 une instance \u00a0o\u00f9 les lyc\u00e9ens sont associ\u00e9s aux d\u00e9cisions de l&rsquo;\u00e9tablissement. Il est obligatoirement consult\u00e9 sur un certain nombre de questions li\u00e9es [&hellip;]<\/p>\n","protected":false},"author":1,"featured_media":0,"parent":249,"menu_order":0,"comment_status":"closed","ping_status":"open","template":"","meta":{"ocean_post_layout":"","ocean_both_sidebars_style":"","ocean_both_sidebars_content_width":0,"ocean_both_sidebars_sidebars_width":0,"ocean_sidebar":"0","ocean_second_sidebar":"0","ocean_disable_margins":"enable","ocean_add_body_class":"","ocean_shortcode_before_top_bar":"","ocean_shortcode_after_top_bar":"","ocean_shortcode_before_header":"","ocean_shortcode_after_header":"","ocean_has_shortcode":"","ocean_shortcode_after_title":"","ocean_shortcode_before_footer_widgets":"","ocean_shortcode_after_footer_widgets":"","ocean_shortcode_before_footer_bottom":"","ocean_shortcode_after_footer_bottom":"","ocean_display_top_bar":"default","ocean_display_header":"default","ocean_header_style":"","ocean_center_header_left_menu":"0","ocean_custom_header_template":"0","ocean_custom_logo":0,"ocean_custom_retina_logo":0,"ocean_custom_logo_max_width":0,"ocean_custom_logo_tablet_max_width":0,"ocean_custom_logo_mobile_max_width":0,"ocean_custom_logo_max_height":0,"ocean_custom_logo_tablet_max_height":0,"ocean_custom_logo_mobile_max_height":0,"ocean_header_custom_menu":"0","ocean_menu_typo_font_family":"0","ocean_menu_typo_font_subset":"","ocean_menu_typo_font_size":0,"ocean_menu_typo_font_size_tablet":0,"ocean_menu_typo_font_size_mobile":0,"ocean_menu_typo_font_size_unit":"px","ocean_menu_typo_font_weight":"","ocean_menu_typo_font_weight_tablet":"","ocean_menu_typo_font_weight_mobile":"","ocean_menu_typo_transform":"","ocean_menu_typo_transform_tablet":"","ocean_menu_typo_transform_mobile":"","ocean_menu_typo_line_height":0,"ocean_menu_typo_line_height_tablet":0,"ocean_menu_typo_line_height_mobile":0,"ocean_menu_typo_line_height_unit":"","ocean_menu_typo_spacing":0,"ocean_menu_typo_spacing_tablet":0,"ocean_menu_typo_spacing_mobile":0,"ocean_menu_typo_spacing_unit":"","ocean_menu_link_color":"","ocean_menu_link_color_hover":"","ocean_menu_link_color_active":"","ocean_menu_link_background":"","ocean_menu_link_hover_background":"","ocean_menu_link_active_background":"","ocean_menu_social_links_bg":"","ocean_menu_social_hover_links_bg":"","ocean_menu_social_links_color":"","ocean_menu_social_hover_links_color":"","ocean_disable_title":"default","ocean_disable_heading":"default","ocean_post_title":"","ocean_post_subheading":"","ocean_post_title_style":"","ocean_post_title_background_color":"","ocean_post_title_background":0,"ocean_post_title_bg_image_position":"","ocean_post_title_bg_image_attachment":"","ocean_post_title_bg_image_repeat":"","ocean_post_title_bg_image_size":"","ocean_post_title_height":0,"ocean_post_title_bg_overlay":0.5,"ocean_post_title_bg_overlay_color":"","ocean_disable_breadcrumbs":"default","ocean_breadcrumbs_color":"","ocean_breadcrumbs_separator_color":"","ocean_breadcrumbs_links_color":"","ocean_breadcrumbs_links_hover_color":"","ocean_display_footer_widgets":"default","ocean_display_footer_bottom":"default","ocean_custom_footer_template":"0","footnotes":""},"class_list":["post-255","page","type-page","status-publish","hentry","entry"],"_links":{"self":[{"href":"http:\/\/www.lyceecharlescoulomb.fr\/site\/index.php?rest_route=\/wp\/v2\/pages\/255","targetHints":{"allow":["GET"]}}],"collection":[{"href":"http:\/\/www.lyceecharlescoulomb.fr\/site\/index.php?rest_route=\/wp\/v2\/pages"}],"about":[{"href":"http:\/\/www.lyceecharlescoulomb.fr\/site\/index.php?rest_route=\/wp\/v2\/types\/page"}],"author":[{"embeddable":true,"href":"http:\/\/www.lyceecharlescoulomb.fr\/site\/index.php?rest_route=\/wp\/v2\/users\/1"}],"replies":[{"embeddable":true,"href":"http:\/\/www.lyceecharlescoulomb.fr\/site\/index.php?rest_route=%2Fwp%2Fv2%2Fcomments&post=255"}],"version-history":[{"count":4,"href":"http:\/\/www.lyceecharlescoulomb.fr\/site\/index.php?rest_route=\/wp\/v2\/pages\/255\/revisions"}],"predecessor-version":[{"id":4357,"href":"http:\/\/www.lyceecharlescoulomb.fr\/site\/index.php?rest_route=\/wp\/v2\/pages\/255\/revisions\/4357"}],"up":[{"embeddable":true,"href":"http:\/\/www.lyceecharlescoulomb.fr\/site\/index.php?rest_route=\/wp\/v2\/pages\/249"}],"wp:attachment":[{"href":"http:\/\/www.lyceecharlescoulomb.fr\/site\/index.php?rest_route=%2Fwp%2Fv2%2Fmedia&parent=255"}],"curies":[{"name":"wp","href":"https:\/\/api.w.org\/{rel}","templated":true}]}}