{"id":471,"date":"2019-09-19T13:20:10","date_gmt":"2019-09-19T11:20:10","guid":{"rendered":"http:\/\/www.lyceecharlescoulomb.fr\/site\/?page_id=471"},"modified":"2022-01-30T15:13:24","modified_gmt":"2022-01-30T14:13:24","slug":"enseignements-optionnels-seconde","status":"publish","type":"page","link":"http:\/\/www.lyceecharlescoulomb.fr\/site\/?page_id=471","title":{"rendered":"Enseignements optionnels"},"content":{"rendered":"\t\t<div data-elementor-type=\"wp-post\" data-elementor-id=\"471\" class=\"elementor elementor-471\">\n\t\t\t\t\t\t<section class=\"elementor-section elementor-top-section elementor-element elementor-element-6a2859b elementor-section-boxed elementor-section-height-default elementor-section-height-default\" data-id=\"6a2859b\" data-element_type=\"section\" data-e-type=\"section\">\n\t\t\t\t\t\t<div class=\"elementor-container elementor-column-gap-default\">\n\t\t\t\t\t<div class=\"elementor-column elementor-col-100 elementor-top-column elementor-element elementor-element-f7bc55a\" data-id=\"f7bc55a\" data-element_type=\"column\" data-e-type=\"column\">\n\t\t\t<div class=\"elementor-widget-wrap elementor-element-populated\">\n\t\t\t\t\t\t<div class=\"elementor-element elementor-element-8141e83 elementor-widget elementor-widget-heading\" data-id=\"8141e83\" data-element_type=\"widget\" data-e-type=\"widget\" data-widget_type=\"heading.default\">\n\t\t\t\t<div class=\"elementor-widget-container\">\n\t\t\t\t\t<h2 class=\"elementor-heading-title elementor-size-default\">Le tronc commun<\/h2>\t\t\t\t<\/div>\n\t\t\t\t<\/div>\n\t\t\t\t\t<\/div>\n\t\t<\/div>\n\t\t\t\t\t<\/div>\n\t\t<\/section>\n\t\t\t\t<section class=\"elementor-section elementor-top-section elementor-element elementor-element-fd056f9 elementor-section-boxed elementor-section-height-default elementor-section-height-default\" data-id=\"fd056f9\" data-element_type=\"section\" data-e-type=\"section\">\n\t\t\t\t\t\t<div class=\"elementor-container elementor-column-gap-default\">\n\t\t\t\t\t<div class=\"elementor-column elementor-col-100 elementor-top-column elementor-element elementor-element-1f475b6\" data-id=\"1f475b6\" data-element_type=\"column\" data-e-type=\"column\">\n\t\t\t<div class=\"elementor-widget-wrap elementor-element-populated\">\n\t\t\t\t\t\t<div class=\"elementor-element elementor-element-c5252c6 elementor-widget elementor-widget-heading\" data-id=\"c5252c6\" data-element_type=\"widget\" data-e-type=\"widget\" data-widget_type=\"heading.default\">\n\t\t\t\t<div class=\"elementor-widget-container\">\n\t\t\t\t\t<h2 class=\"elementor-heading-title elementor-size-default\">Enseignements optionnels<\/h2>\t\t\t\t<\/div>\n\t\t\t\t<\/div>\n\t\t\t\t\t<\/div>\n\t\t<\/div>\n\t\t\t\t\t<\/div>\n\t\t<\/section>\n\t\t\t\t<section class=\"elementor-section elementor-top-section elementor-element elementor-element-8a1e3bb elementor-section-boxed elementor-section-height-default elementor-section-height-default\" data-id=\"8a1e3bb\" data-element_type=\"section\" data-e-type=\"section\">\n\t\t\t\t\t\t<div class=\"elementor-container elementor-column-gap-default\">\n\t\t\t\t\t<div class=\"elementor-column elementor-col-100 elementor-top-column elementor-element elementor-element-902eae3\" data-id=\"902eae3\" data-element_type=\"column\" data-e-type=\"column\">\n\t\t\t<div class=\"elementor-widget-wrap elementor-element-populated\">\n\t\t\t\t\t\t<div class=\"elementor-element elementor-element-d667e59 elementor-tabs-view-horizontal elementor-widget elementor-widget-tabs\" data-id=\"d667e59\" data-element_type=\"widget\" data-e-type=\"widget\" data-widget_type=\"tabs.default\">\n\t\t\t\t<div class=\"elementor-widget-container\">\n\t\t\t\t\t\t\t<div class=\"elementor-tabs\">\n\t\t\t<div class=\"elementor-tabs-wrapper\" role=\"tablist\" >\n\t\t\t\t\t\t\t\t\t<div id=\"elementor-tab-title-2241\" class=\"elementor-tab-title elementor-tab-desktop-title\" aria-selected=\"true\" data-tab=\"1\" role=\"tab\" tabindex=\"0\" aria-controls=\"elementor-tab-content-2241\" aria-expanded=\"false\">Biotechnologies<\/div>\n\t\t\t\t\t\t\t\t\t<div id=\"elementor-tab-title-2242\" class=\"elementor-tab-title elementor-tab-desktop-title\" aria-selected=\"false\" data-tab=\"2\" role=\"tab\" tabindex=\"-1\" aria-controls=\"elementor-tab-content-2242\" aria-expanded=\"false\">Cr\u00e9ation et Culture Design<\/div>\n\t\t\t\t\t\t\t\t\t<div id=\"elementor-tab-title-2243\" class=\"elementor-tab-title elementor-tab-desktop-title\" aria-selected=\"false\" data-tab=\"3\" role=\"tab\" tabindex=\"-1\" aria-controls=\"elementor-tab-content-2243\" aria-expanded=\"false\">Cr\u00e9ation et Innovation Technologiques<\/div>\n\t\t\t\t\t\t\t\t\t<div id=\"elementor-tab-title-2244\" class=\"elementor-tab-title elementor-tab-desktop-title\" aria-selected=\"false\" data-tab=\"4\" role=\"tab\" tabindex=\"-1\" aria-controls=\"elementor-tab-content-2244\" aria-expanded=\"false\">Sciences de l'Ing\u00e9nieur<\/div>\n\t\t\t\t\t\t\t\t\t<div id=\"elementor-tab-title-2245\" class=\"elementor-tab-title elementor-tab-desktop-title\" aria-selected=\"false\" data-tab=\"5\" role=\"tab\" tabindex=\"-1\" aria-controls=\"elementor-tab-content-2245\" aria-expanded=\"false\">Sciences et Laboratoire<\/div>\n\t\t\t\t\t\t\t<\/div>\n\t\t\t<div class=\"elementor-tabs-content-wrapper\" role=\"tablist\" aria-orientation=\"vertical\">\n\t\t\t\t\t\t\t\t\t<div class=\"elementor-tab-title elementor-tab-mobile-title\" aria-selected=\"true\" data-tab=\"1\" role=\"tab\" tabindex=\"0\" aria-controls=\"elementor-tab-content-2241\" aria-expanded=\"false\">Biotechnologies<\/div>\n\t\t\t\t\t<div id=\"elementor-tab-content-2241\" class=\"elementor-tab-content elementor-clearfix\" data-tab=\"1\" role=\"tabpanel\" aria-labelledby=\"elementor-tab-title-2241\" tabindex=\"0\" hidden=\"false\"><p><img fetchpriority=\"high\" decoding=\"async\" class=\"aligncenter wp-image-156 size-full\" src=\"http:\/\/www.lyceecharlescoulomb.fr\/site\/wp-content\/uploads\/2019\/07\/2nde_eo_bt.jpg\" alt=\"\" width=\"700\" height=\"300\" \/><\/p><p><strong>Enseignement de 1h30\/semaine<\/strong><\/p><p>Les \u00e9l\u00e8ves s\u2019approprient une m\u00e9thodologie bas\u00e9e sur l\u2019autonomie, le travail en \u00e9quipe et la communication des r\u00e9sultats.<\/p><p>En laboratoire, ils s\u2019appliquent \u00e0 :<\/p><ul><li>suivre une d\u00e9marche exp\u00e9rimentale,<\/li><li>r\u00e9aliser des manipulations,<\/li><li>utiliser le mat\u00e9riel selon des instructions sp\u00e9cifiques.<\/li><\/ul><p>3 th\u00e8mes seront explor\u00e9s :<\/p><ul><li>Bio industries : industries agro-alimentaires, pharmaceutiques, cosm\u00e9tiques.<\/li><li>Analyses m\u00e9dicales en laboratoire : diagnostic, traitement, pr\u00e9vention.<\/li><li>Environnement : pollution, d\u00e9pollution, am\u00e9lioration de la production, contr\u00f4les de la qualit\u00e9 de l\u2019eau, de l\u2019air, du sol et des surfaces.<\/li><\/ul><p>Cet enseignement d\u00e9veloppe les comp\u00e9tences indispensables dans les mati\u00e8res scientifiques<\/p><ul><li>observer le r\u00e9el,<\/li><li>proposer des hypoth\u00e8ses,<\/li><li>concevoir et r\u00e9aliser des exp\u00e9riences,<\/li><li>d\u00e9velopper l&rsquo;autonomie.<\/li><\/ul><p><a href=\"http:\/\/www.lyceecharlescoulomb.fr\/site\/wp-content\/uploads\/2022\/01\/Plaquette-Option-Biotechnologies-2.pdf\" target=\"_blank\" rel=\"noopener\"><img decoding=\"async\" class=\"aligncenter wp-image-3732 size-medium\" src=\"http:\/\/www.lyceecharlescoulomb.fr\/site\/wp-content\/uploads\/2022\/01\/Plaquette-Option-Biotechnologies-212x300.png\" alt=\"\" width=\"212\" height=\"300\" srcset=\"http:\/\/www.lyceecharlescoulomb.fr\/site\/wp-content\/uploads\/2022\/01\/Plaquette-Option-Biotechnologies-212x300.png 212w, http:\/\/www.lyceecharlescoulomb.fr\/site\/wp-content\/uploads\/2022\/01\/Plaquette-Option-Biotechnologies-723x1024.png 723w, http:\/\/www.lyceecharlescoulomb.fr\/site\/wp-content\/uploads\/2022\/01\/Plaquette-Option-Biotechnologies-768x1088.png 768w, http:\/\/www.lyceecharlescoulomb.fr\/site\/wp-content\/uploads\/2022\/01\/Plaquette-Option-Biotechnologies.png 793w\" sizes=\"(max-width: 212px) 100vw, 212px\" \/><\/a><\/p><\/div>\n\t\t\t\t\t\t\t\t\t<div class=\"elementor-tab-title elementor-tab-mobile-title\" aria-selected=\"false\" data-tab=\"2\" role=\"tab\" tabindex=\"-1\" aria-controls=\"elementor-tab-content-2242\" aria-expanded=\"false\">Cr\u00e9ation et Culture Design<\/div>\n\t\t\t\t\t<div id=\"elementor-tab-content-2242\" class=\"elementor-tab-content elementor-clearfix\" data-tab=\"2\" role=\"tabpanel\" aria-labelledby=\"elementor-tab-title-2242\" tabindex=\"0\" hidden=\"hidden\"><p><strong>Enseignement de 6h\/semaine<\/strong><\/p><p>L&rsquo;enseignement optionnel technologique de Cr\u00e9ationet Culture &#8211; Design permet une approche th\u00e9orique, pratique et sensible des champs de la cr\u00e9ation appliqu\u00e9e.<\/p><p>La classe de seconde permet \u00e0 l&rsquo;\u00e9l\u00e8ve d&rsquo;appr\u00e9hender les trois domaines du Design et des Arts Appliqu\u00e9s\u00a0:<\/p><ul><li>Design de Produit,<\/li><li>Design d&rsquo;Espace,<\/li><li>Design Graphique.<\/li><\/ul><p>Cet enseignement sensibilise aux outils, aux m\u00e9thodes et aux savoirs fondamentaux, en lien avec les autres disciplines, et vise \u00e0 conforter la motivation et l&rsquo;engagement de l&rsquo;\u00e9l\u00e8ve pour les m\u00e9tiers de la cr\u00e9ation.<\/p><p><strong>Objectifs\u00a0:<\/strong><\/p><ul><li>acqu\u00e9rir les bases d&rsquo;une culture du Design,<\/li><li>s\u2019engager dans des pratiques de conception et de cr\u00e9ation,<\/li><li>communiquer ses intentions.<\/li><\/ul><p><strong>Activit\u00e9s\u00a0:<\/strong><\/p><ul><li>\u00e9tudes de cas et enqu\u00eates,<\/li><li>micro-projets.\u00a0<br \/><em>Par exemple, micro-projets de conception (exemples de questionnement\u00a0: s&rsquo;\u00e9clairer, travailler, habiter, jouer, se parer, se reposer, se prot\u00e9ger, se nourrir, etc&#8230;).<\/em><\/li><\/ul><p><strong>Outils\u00a0:<\/strong><\/p><p>Les outils traditionnels et num\u00e9riques sont largement mis en \u0153uvre pour observer, analyser, exp\u00e9rimenter et communiquer les donn\u00e9es rep\u00e9r\u00e9es (croquis, sch\u00e9mas perspectifs, volumes, recherches chromatiques, carnet d&rsquo;enqu\u00eates, regroupement de r\u00e9f\u00e9rences, l\u00e9gendes, etc&#8230;).<\/p><p>L\u2019exploitation des outils graphiques, chromatiques et volumiques fondamentaux, permet \u00e0 l\u2019\u00e9l\u00e8ve une exploration des modes de repr\u00e9sentation, de leurs usages et une approche des champs d\u2019investigation (forme, structure, volume, mati\u00e8re et mat\u00e9riaux, couleur et lumi\u00e8re, espace, temps, mouvement, corps, \u00e9chelle, etc.).<\/p><p><a href=\"http:\/\/www.lyceecharlescoulomb.fr\/site\/wp-content\/uploads\/2022\/01\/Plaquette-Option-CCD.pdf\" target=\"_blank\" rel=\"noopener\"><img decoding=\"async\" class=\"size-medium wp-image-3733 aligncenter\" src=\"http:\/\/www.lyceecharlescoulomb.fr\/site\/wp-content\/uploads\/2022\/01\/Plaquette-Option-CCD-212x300.png\" alt=\"\" width=\"212\" height=\"300\" srcset=\"http:\/\/www.lyceecharlescoulomb.fr\/site\/wp-content\/uploads\/2022\/01\/Plaquette-Option-CCD-212x300.png 212w, http:\/\/www.lyceecharlescoulomb.fr\/site\/wp-content\/uploads\/2022\/01\/Plaquette-Option-CCD-724x1024.png 724w, http:\/\/www.lyceecharlescoulomb.fr\/site\/wp-content\/uploads\/2022\/01\/Plaquette-Option-CCD-768x1087.png 768w, http:\/\/www.lyceecharlescoulomb.fr\/site\/wp-content\/uploads\/2022\/01\/Plaquette-Option-CCD.png 785w\" sizes=\"(max-width: 212px) 100vw, 212px\" \/><\/a><\/p><\/div>\n\t\t\t\t\t\t\t\t\t<div class=\"elementor-tab-title elementor-tab-mobile-title\" aria-selected=\"false\" data-tab=\"3\" role=\"tab\" tabindex=\"-1\" aria-controls=\"elementor-tab-content-2243\" aria-expanded=\"false\">Cr\u00e9ation et Innovation Technologiques<\/div>\n\t\t\t\t\t<div id=\"elementor-tab-content-2243\" class=\"elementor-tab-content elementor-clearfix\" data-tab=\"3\" role=\"tabpanel\" aria-labelledby=\"elementor-tab-title-2243\" tabindex=\"0\" hidden=\"hidden\"><p><strong>Enseignement de 1h30\/semaine<\/strong><\/p><p>Les activit\u00e9s men\u00e9es sous forme de projet visent \u00e0 appr\u00e9hender la place de l\u2019innovation par une approche soci\u00e9tale et \u00e9conomique ou environnementale. Elles permettent d\u2019adopter une d\u00e9marche de cr\u00e9ativit\u00e9 pour imaginer de nouvelles solutions technologiques.<\/p><p>La cr\u00e9ativit\u00e9 est une composante de l\u2019innovation. C\u2019est une d\u00e9marche intellectuelle, culturelle et sociale.<\/p><p>Elle s\u2019appuie sur un produit existant et permet de proposer des r\u00e9ponses \u00e0 une nouvelle attente, cibl\u00e9e et particuli\u00e8re de transformation, d\u2019am\u00e9lioration ou de modification. Mise en \u0153uvre dans le cadre d\u2019un projet, elle donne lieu \u00e0 une restitution collective permettant au groupe d\u2019\u00e9l\u00e8ves depr\u00e9senter leurs analyses et leurs propositions (diaporama, compte rendu de projet, affiches, prototypes, maquettes, etc&#8230;).<\/p><p>L\u2019innovation et la cr\u00e9ativit\u00e9 impliquent un travail collaboratif et de r\u00e9elles capacit\u00e9s de communication entre acteurs \u00e0 l&rsquo;interne, pour \u00e9changer au sein d\u2019une structure, et \u00e0 l\u2019externe pour expliquer et convaincre.<\/p><p><a href=\"http:\/\/www.lyceecharlescoulomb.fr\/site\/wp-content\/uploads\/2022\/01\/Plaquette-Option-CIT.pdf\" target=\"_blank\" rel=\"noopener\"><img loading=\"lazy\" decoding=\"async\" class=\"size-medium wp-image-3734 aligncenter\" src=\"http:\/\/www.lyceecharlescoulomb.fr\/site\/wp-content\/uploads\/2022\/01\/Plaquette-Option-CIT-212x300.png\" alt=\"\" width=\"212\" height=\"300\" srcset=\"http:\/\/www.lyceecharlescoulomb.fr\/site\/wp-content\/uploads\/2022\/01\/Plaquette-Option-CIT-212x300.png 212w, http:\/\/www.lyceecharlescoulomb.fr\/site\/wp-content\/uploads\/2022\/01\/Plaquette-Option-CIT-724x1024.png 724w, http:\/\/www.lyceecharlescoulomb.fr\/site\/wp-content\/uploads\/2022\/01\/Plaquette-Option-CIT-768x1087.png 768w, http:\/\/www.lyceecharlescoulomb.fr\/site\/wp-content\/uploads\/2022\/01\/Plaquette-Option-CIT.png 785w\" sizes=\"(max-width: 212px) 100vw, 212px\" \/><\/a><\/p><p>\u00a0<\/p><\/div>\n\t\t\t\t\t\t\t\t\t<div class=\"elementor-tab-title elementor-tab-mobile-title\" aria-selected=\"false\" data-tab=\"4\" role=\"tab\" tabindex=\"-1\" aria-controls=\"elementor-tab-content-2244\" aria-expanded=\"false\">Sciences de l'Ing\u00e9nieur<\/div>\n\t\t\t\t\t<div id=\"elementor-tab-content-2244\" class=\"elementor-tab-content elementor-clearfix\" data-tab=\"4\" role=\"tabpanel\" aria-labelledby=\"elementor-tab-title-2244\" tabindex=\"0\" hidden=\"hidden\"><div id=\"CalqueOnglet0\"><p><strong>Enseignement de 1h30\/semaine<\/strong><\/p><p>Dans le cadre d\u2019une d\u00e9marche de r\u00e9solution de probl\u00e8me technique, les \u00e9l\u00e8ves doivent relever un \u00ab d\u00e9fi \u00bb qui int\u00e8gre obligatoirement une production (exp\u00e9riences, exploitation de donn\u00e9es, mod\u00e9lisations, maquettes) et aboutir \u00e0 une pr\u00e9sentation structur\u00e9e et rigoureuse.<\/p><p>Les activit\u00e9s propos\u00e9es conduisent \u00e0 comprendre que sciences et technologie sont \u00e9troitement imbriqu\u00e9es et li\u00e9es \u00e0 l\u2019\u00e9volution des produits r\u00e9pondant \u00e0 des donn\u00e9es soci\u00e9tales.<\/p><p>Ce \u00ab\u00a0d\u00e9fi\u00a0\u00bb, r\u00e9alis\u00e9 au travers d\u2019activit\u00e9s exp\u00e9rimentales, offre la possibilit\u00e9 de r\u00e9pondre \u00e0 une probl\u00e9matique, sa r\u00e9alisation et l\u2019observation entre la th\u00e9orie et les r\u00e9sultats exp\u00e9rimentaux.<br \/>Il d\u00e9veloppe l\u2019esprit d\u2019initiative, la curiosit\u00e9 et le sens critique.<\/p><p><a href=\"http:\/\/www.lyceecharlescoulomb.fr\/site\/wp-content\/uploads\/2022\/01\/Plaquette-Option-SI.pdf\" target=\"_blank\" rel=\"noopener\"><img loading=\"lazy\" decoding=\"async\" class=\"size-medium wp-image-3735 aligncenter\" src=\"http:\/\/www.lyceecharlescoulomb.fr\/site\/wp-content\/uploads\/2022\/01\/Plaquette-Option-SI-212x300.png\" alt=\"\" width=\"212\" height=\"300\" srcset=\"http:\/\/www.lyceecharlescoulomb.fr\/site\/wp-content\/uploads\/2022\/01\/Plaquette-Option-SI-212x300.png 212w, http:\/\/www.lyceecharlescoulomb.fr\/site\/wp-content\/uploads\/2022\/01\/Plaquette-Option-SI-724x1024.png 724w, http:\/\/www.lyceecharlescoulomb.fr\/site\/wp-content\/uploads\/2022\/01\/Plaquette-Option-SI-768x1087.png 768w, http:\/\/www.lyceecharlescoulomb.fr\/site\/wp-content\/uploads\/2022\/01\/Plaquette-Option-SI.png 785w\" sizes=\"(max-width: 212px) 100vw, 212px\" \/><\/a><\/p><\/div><\/div>\n\t\t\t\t\t\t\t\t\t<div class=\"elementor-tab-title elementor-tab-mobile-title\" aria-selected=\"false\" data-tab=\"5\" role=\"tab\" tabindex=\"-1\" aria-controls=\"elementor-tab-content-2245\" aria-expanded=\"false\">Sciences et Laboratoire<\/div>\n\t\t\t\t\t<div id=\"elementor-tab-content-2245\" class=\"elementor-tab-content elementor-clearfix\" data-tab=\"5\" role=\"tabpanel\" aria-labelledby=\"elementor-tab-title-2245\" tabindex=\"0\" hidden=\"hidden\"><p><strong>Enseignement de 1h30\/semaine<\/strong><\/p><p>Cet enseignement s&rsquo;appuie sur des comp\u00e9tences d\u00e9velopp\u00e9es en physique-chimie depuis le coll\u00e8ge et propose une pratique soutenue d&rsquo;une d\u00e9marche scientifique autour d&rsquo;\u00e9tudes choisies parmi diff\u00e9rentes th\u00e9matiques :<\/p><ul><li>atmosph\u00e8re terrestre,<\/li><li>ressources de la nature,<\/li><li>parfums et cosm\u00e9tiques,<\/li><li>sant\u00e9,<\/li><li>alimentation,<\/li><li>pr\u00e9vention des risques,<\/li><li>investigation polici\u00e8re,<\/li><li>arts,<\/li><li>transports et habitat.<\/li><\/ul><p>Dans le cadre d&rsquo;activit\u00e9s de laboratoire, par un travail collaboratif il conduit l&rsquo;\u00e9l\u00e8ve \u00e0 :<\/p><ul><li>se poser des questions de sciences,<\/li><li>imaginer des r\u00e9ponses r\u00e9alistes,<\/li><li>prendre des initiatives,<\/li><li>concr\u00e9tiser sa d\u00e9marche par la ma\u00eetrise des instruments et des techniques de laboratoire,<\/li><li>contr\u00f4ler les r\u00e9sultats obtenus.<\/li><\/ul><p><a href=\"http:\/\/www.lyceecharlescoulomb.fr\/site\/wp-content\/uploads\/2022\/01\/Plaquette-Option-SL.pdf\" target=\"_blank\" rel=\"noopener\"><img loading=\"lazy\" decoding=\"async\" class=\"size-medium wp-image-3736 aligncenter\" src=\"http:\/\/www.lyceecharlescoulomb.fr\/site\/wp-content\/uploads\/2022\/01\/Plaquette-Option-SL-212x300.png\" alt=\"\" width=\"212\" height=\"300\" srcset=\"http:\/\/www.lyceecharlescoulomb.fr\/site\/wp-content\/uploads\/2022\/01\/Plaquette-Option-SL-212x300.png 212w, http:\/\/www.lyceecharlescoulomb.fr\/site\/wp-content\/uploads\/2022\/01\/Plaquette-Option-SL-724x1024.png 724w, http:\/\/www.lyceecharlescoulomb.fr\/site\/wp-content\/uploads\/2022\/01\/Plaquette-Option-SL-768x1087.png 768w, http:\/\/www.lyceecharlescoulomb.fr\/site\/wp-content\/uploads\/2022\/01\/Plaquette-Option-SL.png 785w\" sizes=\"(max-width: 212px) 100vw, 212px\" \/><\/a><\/p><\/div>\n\t\t\t\t\t\t\t<\/div>\n\t\t<\/div>\n\t\t\t\t\t\t<\/div>\n\t\t\t\t<\/div>\n\t\t\t\t\t<\/div>\n\t\t<\/div>\n\t\t\t\t\t<\/div>\n\t\t<\/section>\n\t\t\t\t<\/div>\n\t\t","protected":false},"excerpt":{"rendered":"<p>Le tronc commun Enseignements optionnels Biotechnologies Cr\u00e9ation et Culture Design Cr\u00e9ation et Innovation Technologiques Sciences de l&rsquo;Ing\u00e9nieur Sciences et Laboratoire Biotechnologies Enseignement de 1h30\/semaine Les \u00e9l\u00e8ves s\u2019approprient une m\u00e9thodologie bas\u00e9e [&hellip;]<\/p>\n","protected":false},"author":1,"featured_media":0,"parent":146,"menu_order":0,"comment_status":"closed","ping_status":"open","template":"","meta":{"ocean_post_layout":"full-screen","ocean_both_sidebars_style":"","ocean_both_sidebars_content_width":0,"ocean_both_sidebars_sidebars_width":0,"ocean_sidebar":"0","ocean_second_sidebar":"0","ocean_disable_margins":"enable","ocean_add_body_class":"","ocean_shortcode_before_top_bar":"","ocean_shortcode_after_top_bar":"","ocean_shortcode_before_header":"","ocean_shortcode_after_header":"","ocean_has_shortcode":"","ocean_shortcode_after_title":"","ocean_shortcode_before_footer_widgets":"","ocean_shortcode_after_footer_widgets":"","ocean_shortcode_before_footer_bottom":"","ocean_shortcode_after_footer_bottom":"","ocean_display_top_bar":"default","ocean_display_header":"default","ocean_header_style":"","ocean_center_header_left_menu":"0","ocean_custom_header_template":"0","ocean_custom_logo":0,"ocean_custom_retina_logo":0,"ocean_custom_logo_max_width":0,"ocean_custom_logo_tablet_max_width":0,"ocean_custom_logo_mobile_max_width":0,"ocean_custom_logo_max_height":0,"ocean_custom_logo_tablet_max_height":0,"ocean_custom_logo_mobile_max_height":0,"ocean_header_custom_menu":"0","ocean_menu_typo_font_family":"0","ocean_menu_typo_font_subset":"","ocean_menu_typo_font_size":0,"ocean_menu_typo_font_size_tablet":0,"ocean_menu_typo_font_size_mobile":0,"ocean_menu_typo_font_size_unit":"px","ocean_menu_typo_font_weight":"","ocean_menu_typo_font_weight_tablet":"","ocean_menu_typo_font_weight_mobile":"","ocean_menu_typo_transform":"","ocean_menu_typo_transform_tablet":"","ocean_menu_typo_transform_mobile":"","ocean_menu_typo_line_height":0,"ocean_menu_typo_line_height_tablet":0,"ocean_menu_typo_line_height_mobile":0,"ocean_menu_typo_line_height_unit":"","ocean_menu_typo_spacing":0,"ocean_menu_typo_spacing_tablet":0,"ocean_menu_typo_spacing_mobile":0,"ocean_menu_typo_spacing_unit":"","ocean_menu_link_color":"","ocean_menu_link_color_hover":"","ocean_menu_link_color_active":"","ocean_menu_link_background":"","ocean_menu_link_hover_background":"","ocean_menu_link_active_background":"","ocean_menu_social_links_bg":"","ocean_menu_social_hover_links_bg":"","ocean_menu_social_links_color":"","ocean_menu_social_hover_links_color":"","ocean_disable_title":"default","ocean_disable_heading":"default","ocean_post_title":"","ocean_post_subheading":"","ocean_post_title_style":"","ocean_post_title_background_color":"","ocean_post_title_background":0,"ocean_post_title_bg_image_position":"","ocean_post_title_bg_image_attachment":"","ocean_post_title_bg_image_repeat":"","ocean_post_title_bg_image_size":"","ocean_post_title_height":0,"ocean_post_title_bg_overlay":0.5,"ocean_post_title_bg_overlay_color":"","ocean_disable_breadcrumbs":"default","ocean_breadcrumbs_color":"","ocean_breadcrumbs_separator_color":"","ocean_breadcrumbs_links_color":"","ocean_breadcrumbs_links_hover_color":"","ocean_display_footer_widgets":"default","ocean_display_footer_bottom":"default","ocean_custom_footer_template":"0","footnotes":""},"class_list":["post-471","page","type-page","status-publish","hentry","entry"],"_links":{"self":[{"href":"http:\/\/www.lyceecharlescoulomb.fr\/site\/index.php?rest_route=\/wp\/v2\/pages\/471","targetHints":{"allow":["GET"]}}],"collection":[{"href":"http:\/\/www.lyceecharlescoulomb.fr\/site\/index.php?rest_route=\/wp\/v2\/pages"}],"about":[{"href":"http:\/\/www.lyceecharlescoulomb.fr\/site\/index.php?rest_route=\/wp\/v2\/types\/page"}],"author":[{"embeddable":true,"href":"http:\/\/www.lyceecharlescoulomb.fr\/site\/index.php?rest_route=\/wp\/v2\/users\/1"}],"replies":[{"embeddable":true,"href":"http:\/\/www.lyceecharlescoulomb.fr\/site\/index.php?rest_route=%2Fwp%2Fv2%2Fcomments&post=471"}],"version-history":[{"count":29,"href":"http:\/\/www.lyceecharlescoulomb.fr\/site\/index.php?rest_route=\/wp\/v2\/pages\/471\/revisions"}],"predecessor-version":[{"id":3792,"href":"http:\/\/www.lyceecharlescoulomb.fr\/site\/index.php?rest_route=\/wp\/v2\/pages\/471\/revisions\/3792"}],"up":[{"embeddable":true,"href":"http:\/\/www.lyceecharlescoulomb.fr\/site\/index.php?rest_route=\/wp\/v2\/pages\/146"}],"wp:attachment":[{"href":"http:\/\/www.lyceecharlescoulomb.fr\/site\/index.php?rest_route=%2Fwp%2Fv2%2Fmedia&parent=471"}],"curies":[{"name":"wp","href":"https:\/\/api.w.org\/{rel}","templated":true}]}}