{"id":745,"date":"2019-10-20T14:25:07","date_gmt":"2019-10-20T12:25:07","guid":{"rendered":"http:\/\/www.lyceecharlescoulomb.fr\/site\/?page_id=745"},"modified":"2025-06-17T18:55:04","modified_gmt":"2025-06-17T16:55:04","slug":"std2a","status":"publish","type":"page","link":"http:\/\/www.lyceecharlescoulomb.fr\/site\/?page_id=745","title":{"rendered":"sciences et technologies du design et des arts appliqu\u00e9s (STD2A)"},"content":{"rendered":"\t\t<div data-elementor-type=\"wp-page\" data-elementor-id=\"745\" class=\"elementor elementor-745\">\n\t\t\t\t\t\t<section class=\"elementor-section elementor-top-section elementor-element elementor-element-b560b96 elementor-section-boxed elementor-section-height-default elementor-section-height-default\" data-id=\"b560b96\" data-element_type=\"section\" data-e-type=\"section\">\n\t\t\t\t\t\t<div class=\"elementor-container elementor-column-gap-default\">\n\t\t\t\t\t<div class=\"elementor-column elementor-col-100 elementor-top-column elementor-element elementor-element-a3d4fb8\" data-id=\"a3d4fb8\" data-element_type=\"column\" data-e-type=\"column\">\n\t\t\t<div class=\"elementor-widget-wrap elementor-element-populated\">\n\t\t\t\t\t\t<div class=\"elementor-element elementor-element-0377135 elementor-widget elementor-widget-text-editor\" data-id=\"0377135\" data-element_type=\"widget\" data-e-type=\"widget\" data-widget_type=\"text-editor.default\">\n\t\t\t\t<div class=\"elementor-widget-container\">\n\t\t\t\t\t\t\t\t\tVid\u00e9o de pr\u00e9sentation :\t\t\t\t\t\t\t\t<\/div>\n\t\t\t\t<\/div>\n\t\t\t\t<div class=\"elementor-element elementor-element-1a01001 elementor-widget elementor-widget-video\" data-id=\"1a01001\" data-element_type=\"widget\" data-e-type=\"widget\" data-settings=\"{&quot;youtube_url&quot;:&quot;https:\\\/\\\/www.youtube.com\\\/watch?v=e-LXgJaOIRA&amp;list=PLl9So9TbGHdvVkrSOxnslx8g9uDSLhVZv&quot;,&quot;video_type&quot;:&quot;youtube&quot;,&quot;controls&quot;:&quot;yes&quot;}\" data-widget_type=\"video.default\">\n\t\t\t\t<div class=\"elementor-widget-container\">\n\t\t\t\t\t\t\t<div class=\"elementor-wrapper elementor-open-inline\">\n\t\t\t<div class=\"elementor-video\"><\/div>\t\t<\/div>\n\t\t\t\t\t\t<\/div>\n\t\t\t\t<\/div>\n\t\t\t\t\t<\/div>\n\t\t<\/div>\n\t\t\t\t\t<\/div>\n\t\t<\/section>\n\t\t\t\t<section class=\"elementor-section elementor-top-section elementor-element elementor-element-5fd20de elementor-section-boxed elementor-section-height-default elementor-section-height-default\" data-id=\"5fd20de\" data-element_type=\"section\" data-e-type=\"section\">\n\t\t\t\t\t\t<div class=\"elementor-container elementor-column-gap-default\">\n\t\t\t\t\t<div class=\"elementor-column elementor-col-100 elementor-top-column elementor-element elementor-element-7e2c5bb\" data-id=\"7e2c5bb\" data-element_type=\"column\" data-e-type=\"column\">\n\t\t\t<div class=\"elementor-widget-wrap elementor-element-populated\">\n\t\t\t\t\t\t<div class=\"elementor-element elementor-element-00b054b elementor-widget elementor-widget-text-editor\" data-id=\"00b054b\" data-element_type=\"widget\" data-e-type=\"widget\" data-widget_type=\"text-editor.default\">\n\t\t\t\t<div class=\"elementor-widget-container\">\n\t\t\t\t\t\t\t\t\t  \t\t\t\t\t\t\t\t<\/div>\n\t\t\t\t<\/div>\n\t\t\t\t\t<\/div>\n\t\t<\/div>\n\t\t\t\t\t<\/div>\n\t\t<\/section>\n\t\t\t\t<section class=\"elementor-section elementor-top-section elementor-element elementor-element-d1228fa elementor-section-boxed elementor-section-height-default elementor-section-height-default\" data-id=\"d1228fa\" data-element_type=\"section\" data-e-type=\"section\">\n\t\t\t\t\t\t<div class=\"elementor-container elementor-column-gap-default\">\n\t\t\t\t\t<div class=\"elementor-column elementor-col-100 elementor-top-column elementor-element elementor-element-7319df3b\" data-id=\"7319df3b\" data-element_type=\"column\" data-e-type=\"column\">\n\t\t\t<div class=\"elementor-widget-wrap elementor-element-populated\">\n\t\t\t\t\t\t<div class=\"elementor-element elementor-element-3746d8f4 elementor-widget elementor-widget-image\" data-id=\"3746d8f4\" data-element_type=\"widget\" data-e-type=\"widget\" data-widget_type=\"image.default\">\n\t\t\t\t<div class=\"elementor-widget-container\">\n\t\t\t\t\t\t\t\t\t\t\t\t\t\t\t<img decoding=\"async\" src=\"https:\/\/www.lyceecharlescoulomb.fr\/site\/wp-content\/uploads\/2019\/10\/bat-AA-verso.jpg\" title=\"bat AA verso\" alt=\"bat AA verso\" loading=\"lazy\" \/>\t\t\t\t\t\t\t\t\t\t\t\t\t\t\t<\/div>\n\t\t\t\t<\/div>\n\t\t\t\t\t<\/div>\n\t\t<\/div>\n\t\t\t\t\t<\/div>\n\t\t<\/section>\n\t\t\t\t<section class=\"elementor-section elementor-top-section elementor-element elementor-element-3943ead elementor-section-boxed elementor-section-height-default elementor-section-height-default\" data-id=\"3943ead\" data-element_type=\"section\" data-e-type=\"section\">\n\t\t\t\t\t\t<div class=\"elementor-container elementor-column-gap-default\">\n\t\t\t\t\t<div class=\"elementor-column elementor-col-100 elementor-top-column elementor-element elementor-element-2326feb9\" data-id=\"2326feb9\" data-element_type=\"column\" data-e-type=\"column\">\n\t\t\t<div class=\"elementor-widget-wrap elementor-element-populated\">\n\t\t\t\t\t\t<div class=\"elementor-element elementor-element-4180d27d elementor-widget elementor-widget-heading\" data-id=\"4180d27d\" data-element_type=\"widget\" data-e-type=\"widget\" data-widget_type=\"heading.default\">\n\t\t\t\t<div class=\"elementor-widget-container\">\n\t\t\t\t\t<h2 class=\"elementor-heading-title elementor-size-default\">Sciences et Technologies du Design et des Arts Appliqu\u00e9s<\/h2>\t\t\t\t<\/div>\n\t\t\t\t<\/div>\n\t\t\t\t\t<\/div>\n\t\t<\/div>\n\t\t\t\t\t<\/div>\n\t\t<\/section>\n\t\t\t\t<section class=\"elementor-section elementor-top-section elementor-element elementor-element-aea227b elementor-section-boxed elementor-section-height-default elementor-section-height-default\" data-id=\"aea227b\" data-element_type=\"section\" data-e-type=\"section\">\n\t\t\t\t\t\t<div class=\"elementor-container elementor-column-gap-default\">\n\t\t\t\t\t<div class=\"elementor-column elementor-col-100 elementor-top-column elementor-element elementor-element-99a8be6\" data-id=\"99a8be6\" data-element_type=\"column\" data-e-type=\"column\">\n\t\t\t<div class=\"elementor-widget-wrap elementor-element-populated\">\n\t\t\t\t\t\t<div class=\"elementor-element elementor-element-d7ac086 elementor-widget elementor-widget-text-editor\" data-id=\"d7ac086\" data-element_type=\"widget\" data-e-type=\"widget\" data-widget_type=\"text-editor.default\">\n\t\t\t\t<div class=\"elementor-widget-container\">\n\t\t\t\t\t\t\t\t\t<h2 id=\"SousTitre\"><span style=\"color: #962b25;\">Objectifs<\/span><\/h2><p>La s\u00e9rie Sciences et Technologies du Design et des Arts Appliqu\u00e9s s\u2019inscrit dans un continuum de formation. Elle construit une progression vers une sp\u00e9cialisation dans l\u2019enseignement sup\u00e9rieur. Elle d\u00e9veloppe des comp\u00e9tences r\u00e9flexives et techniques (d\u2019analyse, de conception, de cr\u00e9ation et de communication) propres au design ainsi qu\u2019aux m\u00e9tiers d\u2019art et les inscrit dans une culture propre \u00e0 ces domaines.<br \/>Une d\u00e9marche de projet fonde l\u2019acquisition des savoirs et l\u2019apprentissage des savoir-faire dans des associations de contenus th\u00e9oriques et exp\u00e9rimentaux et non par simple juxtaposition d\u2019enseignements distincts.<br \/>L\u2019enseignement de sp\u00e9cialit\u00e9 de design et m\u00e9tiers d\u2019art de la classe de premi\u00e8re se d\u00e9cline en deux intitul\u00e9s distincts en classe terminale : analyse et m\u00e9thode en design et conception et cr\u00e9ation en design et m\u00e9tiers d\u2019art.<\/p><h2 id=\"SousTitre\"><span style=\"color: #962b25;\">Une organisation en cinq p\u00f4les<\/span><\/h2><p>L\u2019enseignement permet \u00e0 l\u2019\u00e9l\u00e8ve d&rsquo;acqu\u00e9rir les connaissances et la ma\u00eetrise des outils et m\u00e9thodes de conception et de cr\u00e9ation et afin de r\u00e9pondre \u00e0 une approche syst\u00e9mique et transversale. Ces enseignements de sp\u00e9cialit\u00e9 s\u2019organisent autour d\u2019un p\u00f4le transversal qui nourrit dans une d\u00e9marche de projet quatre p\u00f4les de connaissances et de pratiques.<\/p><h3><span style=\"color: #962b25;\"><strong>Le p\u00f4le transversal \u00ab Outils et m\u00e9thodes \u00bb<\/strong><\/span><\/h3><blockquote><p>Ce p\u00f4le irrigue constamment les quatre autres p\u00f4les de connaissances et de pratiques.<br \/>Il conduit l\u2019\u00e9l\u00e8ve \u00e0 acqu\u00e9rir les outils et m\u00e9thodes n\u00e9cessaires \u00e0 :<\/p><ul><li>la constitution de ressources,<\/li><li>l\u2019acquisition d\u2019un vocabulaire sp\u00e9cifique,<\/li><li>l\u2019analyse, l\u2019investigation, la synth\u00e8se,<\/li><li>la communication de ses intentions, orales, \u00e9crites et graphiques,<\/li><li>l&rsquo;\u00e9valuation de sa production.<\/li><\/ul><\/blockquote><h3><img decoding=\"async\" class=\"aligncenter\" src=\"http:\/\/www.lyceecharlescoulomb.fr\/site\/wp-content\/uploads\/2019\/11\/outils_methodes.png\" alt=\"\" \/><\/h3><h3><span style=\"color: #962b25;\"><strong>Le p\u00f4le \u00ab D\u00e9marche Cr\u00e9ative \u00bb<\/strong><\/span><\/h3><blockquote><p>Dans ce p\u00f4le, l\u2019\u00e9l\u00e8ve met en \u0153uvre des d\u00e9marches d\u2019exp\u00e9rimentation, d&rsquo;exploration, d&rsquo;approfondissement et de concr\u00e9tisation dans les domaines du design et dans ceux des m\u00e9tiers d\u2019art.<br \/>La d\u00e9marche cr\u00e9ative lui permet d\u2019acqu\u00e9rir une posture d&rsquo;observation active et une autonomie progressive dans la r\u00e9solution de probl\u00e8mes. Tous les supports et modes de communication peuvent \u00eatre utilis\u00e9s : 2 D \/ 3 D \/ multim\u00e9dia, etc.<\/p><\/blockquote><h3><img decoding=\"async\" class=\"aligncenter\" src=\"http:\/\/www.lyceecharlescoulomb.fr\/site\/wp-content\/uploads\/2019\/11\/demarche_creative.png\" alt=\"\" \/><\/h3><h3><span style=\"color: #962b25;\"><strong>Le p\u00f4le \u00ab Arts Visuels \u00bb<\/strong><\/span><\/h3><blockquote><p>Fond\u00e9 sur la connaissance et la ma\u00eetrise des outils de repr\u00e9sentation et d\u2019expression,il permet \u00e0 l\u2019\u00e9l\u00e8ve d\u2019acqu\u00e9rir les moyens techniques, plastiques et conceptuels d&rsquo;un questionnement \u00e0 la fois intellectuel et sensible. Cette pratique trouve son ancrage dans le travail d\u2019observation, d\u2019exploration, d\u2019exp\u00e9rimentation, d\u2019analyse et d\u2019investigation.<\/p><\/blockquote><h3><span style=\"color: #962b25;\"><strong>Le p\u00f4le \u00ab Arts, Techniques et Civilisations \u00bb<\/strong><\/span><\/h3><blockquote><p>Appr\u00e9hender les champs de cr\u00e9ation de son temps se fait par le rep\u00e9rage de sources,de liens, de r\u00e9f\u00e9rences. Faire \u00e9merger une conscience historique et sociale est essentiel pour nourrir et questionner une pratique professionnelle. Ce p\u00f4le a pour objet l\u2019\u00e9tude des ph\u00e9nom\u00e8nes artistiques, techniques et sociaux en tant qu\u2019ils participent des mouvements, continuit\u00e9s et ruptures de l\u2019histoire. Les objets d\u2019\u00e9tude sont puis\u00e9s dans l\u2019ensemble des arts, techniques et civilisations, depuis la naissance de l\u2019\u00e9criture jusqu&rsquo;\u00e0 la cr\u00e9ation contemporaine, sans pr\u00e9tendre \u00e0 l\u2019exhaustivit\u00e9.<\/p><\/blockquote><h3><strong><span style=\"color: #962b25;\">Le p\u00f4le \u00ab Technologie \u00bb<\/span> <\/strong><\/h3><blockquote><p>Champ de connaissances th\u00e9oriques et pratiques, mais aussi lieu d\u2019exp\u00e9rimentation, ce p\u00f4le pose les bases d\u2019une culture technique qui concerne l\u2019ensemble des p\u00f4les. Il envisage l\u2019\u00e9tude des mat\u00e9riaux et de leur mise en \u0153uvre dans une approche patrimoniale autant qu&rsquo;innovante et prospective, tant \u00e0 l\u2019\u00e9chelle artisanale qu\u2019industrielle. Certains savoirs peuvent \u00eatre abord\u00e9s en \u00e9troite relation avec l\u2019enseignement de physique-chimie, et en lien avec l\u2019enseignement de sciences num\u00e9riques et technologie.<\/p><\/blockquote><div id=\"SousTitre\"><h2><img decoding=\"async\" class=\"aligncenter\" src=\"http:\/\/www.lyceecharlescoulomb.fr\/site\/wp-content\/uploads\/2019\/11\/technologie.png\" alt=\"\" \/><\/h2><h2><span style=\"color: #962b25;\"><strong>Champs professionnels<\/strong><\/span><\/h2><\/div><p>Les secteurs professionnels articul\u00e9s aux champs de la conception et de la cr\u00e9ation, \u00e0 l\u2019\u00e9chelle artisanale comme \u00e0 l\u2019\u00e9chelle industrielle, recouvrent :<\/p><ul><li>la conception et la cr\u00e9ation graphique (supports imprim\u00e9s, supports num\u00e9riques, \u00e9dition, animation, illustration, etc.),<\/li><li>la conception et la cr\u00e9ation d\u2019espace (\u00e9v\u00e9nement, cadre de vie, sc\u00e9nographie, d\u00e9cor architectural, patrimoine, spectacle, etc.),<\/li><li>la conception et la cr\u00e9ation en mode et textiles (costume, v\u00eatement, mat\u00e9riaux),<\/li><li>la conception et la cr\u00e9ation de biens (objet, mobilier, instrument, dispositif, accessoire, ornement, etc.) et de services (innovation sociale en particulier),<\/li><li>les m\u00e9tiers d\u2019art<\/li><\/ul><p><a href=\"http:\/\/www.lyceecharlescoulomb.fr\/site\/wp-content\/uploads\/2022\/01\/Plaquette-Bac-STD2A.pdf\" target=\"_blank\" rel=\"noopener\"><img fetchpriority=\"high\" decoding=\"async\" class=\"aligncenter size-medium wp-image-3657\" src=\"http:\/\/www.lyceecharlescoulomb.fr\/site\/wp-content\/uploads\/2022\/01\/Plaquette-Bac-STD2A-212x300.png\" alt=\"\" width=\"212\" height=\"300\" srcset=\"http:\/\/www.lyceecharlescoulomb.fr\/site\/wp-content\/uploads\/2022\/01\/Plaquette-Bac-STD2A-212x300.png 212w, http:\/\/www.lyceecharlescoulomb.fr\/site\/wp-content\/uploads\/2022\/01\/Plaquette-Bac-STD2A-724x1024.png 724w, http:\/\/www.lyceecharlescoulomb.fr\/site\/wp-content\/uploads\/2022\/01\/Plaquette-Bac-STD2A-768x1087.png 768w, http:\/\/www.lyceecharlescoulomb.fr\/site\/wp-content\/uploads\/2022\/01\/Plaquette-Bac-STD2A.png 826w\" sizes=\"(max-width: 212px) 100vw, 212px\" \/><\/a><\/p>\t\t\t\t\t\t\t\t<\/div>\n\t\t\t\t<\/div>\n\t\t\t\t\t<\/div>\n\t\t<\/div>\n\t\t\t\t\t<\/div>\n\t\t<\/section>\n\t\t\t\t<\/div>\n\t\t","protected":false},"excerpt":{"rendered":"<p>Vid\u00e9o de pr\u00e9sentation :https:\/\/www.youtube.com\/watch?v=e-LXgJaOIRA&#038;list=PLl9So9TbGHdvVkrSOxnslx8g9uDSLhVZv Sciences et Technologies du Design et des Arts Appliqu\u00e9s Objectifs La s\u00e9rie Sciences et Technologies du Design et des Arts Appliqu\u00e9s s\u2019inscrit dans un continuum de [&hellip;]<\/p>\n","protected":false},"author":1,"featured_media":0,"parent":741,"menu_order":1,"comment_status":"closed","ping_status":"closed","template":"","meta":{"ocean_post_layout":"","ocean_both_sidebars_style":"","ocean_both_sidebars_content_width":0,"ocean_both_sidebars_sidebars_width":0,"ocean_sidebar":"0","ocean_second_sidebar":"0","ocean_disable_margins":"enable","ocean_add_body_class":"","ocean_shortcode_before_top_bar":"","ocean_shortcode_after_top_bar":"","ocean_shortcode_before_header":"","ocean_shortcode_after_header":"","ocean_has_shortcode":"","ocean_shortcode_after_title":"","ocean_shortcode_before_footer_widgets":"","ocean_shortcode_after_footer_widgets":"","ocean_shortcode_before_footer_bottom":"","ocean_shortcode_after_footer_bottom":"","ocean_display_top_bar":"default","ocean_display_header":"default","ocean_header_style":"","ocean_center_header_left_menu":"0","ocean_custom_header_template":"0","ocean_custom_logo":0,"ocean_custom_retina_logo":0,"ocean_custom_logo_max_width":0,"ocean_custom_logo_tablet_max_width":0,"ocean_custom_logo_mobile_max_width":0,"ocean_custom_logo_max_height":0,"ocean_custom_logo_tablet_max_height":0,"ocean_custom_logo_mobile_max_height":0,"ocean_header_custom_menu":"0","ocean_menu_typo_font_family":"0","ocean_menu_typo_font_subset":"","ocean_menu_typo_font_size":0,"ocean_menu_typo_font_size_tablet":0,"ocean_menu_typo_font_size_mobile":0,"ocean_menu_typo_font_size_unit":"px","ocean_menu_typo_font_weight":"","ocean_menu_typo_font_weight_tablet":"","ocean_menu_typo_font_weight_mobile":"","ocean_menu_typo_transform":"","ocean_menu_typo_transform_tablet":"","ocean_menu_typo_transform_mobile":"","ocean_menu_typo_line_height":0,"ocean_menu_typo_line_height_tablet":0,"ocean_menu_typo_line_height_mobile":0,"ocean_menu_typo_line_height_unit":"","ocean_menu_typo_spacing":0,"ocean_menu_typo_spacing_tablet":0,"ocean_menu_typo_spacing_mobile":0,"ocean_menu_typo_spacing_unit":"","ocean_menu_link_color":"","ocean_menu_link_color_hover":"","ocean_menu_link_color_active":"","ocean_menu_link_background":"","ocean_menu_link_hover_background":"","ocean_menu_link_active_background":"","ocean_menu_social_links_bg":"","ocean_menu_social_hover_links_bg":"","ocean_menu_social_links_color":"","ocean_menu_social_hover_links_color":"","ocean_disable_title":"default","ocean_disable_heading":"default","ocean_post_title":"","ocean_post_subheading":"","ocean_post_title_style":"","ocean_post_title_background_color":"","ocean_post_title_background":0,"ocean_post_title_bg_image_position":"","ocean_post_title_bg_image_attachment":"","ocean_post_title_bg_image_repeat":"","ocean_post_title_bg_image_size":"","ocean_post_title_height":0,"ocean_post_title_bg_overlay":0.5,"ocean_post_title_bg_overlay_color":"","ocean_disable_breadcrumbs":"default","ocean_breadcrumbs_color":"","ocean_breadcrumbs_separator_color":"","ocean_breadcrumbs_links_color":"","ocean_breadcrumbs_links_hover_color":"","ocean_display_footer_widgets":"default","ocean_display_footer_bottom":"default","ocean_custom_footer_template":"0","footnotes":""},"class_list":["post-745","page","type-page","status-publish","hentry","entry"],"_links":{"self":[{"href":"http:\/\/www.lyceecharlescoulomb.fr\/site\/index.php?rest_route=\/wp\/v2\/pages\/745","targetHints":{"allow":["GET"]}}],"collection":[{"href":"http:\/\/www.lyceecharlescoulomb.fr\/site\/index.php?rest_route=\/wp\/v2\/pages"}],"about":[{"href":"http:\/\/www.lyceecharlescoulomb.fr\/site\/index.php?rest_route=\/wp\/v2\/types\/page"}],"author":[{"embeddable":true,"href":"http:\/\/www.lyceecharlescoulomb.fr\/site\/index.php?rest_route=\/wp\/v2\/users\/1"}],"replies":[{"embeddable":true,"href":"http:\/\/www.lyceecharlescoulomb.fr\/site\/index.php?rest_route=%2Fwp%2Fv2%2Fcomments&post=745"}],"version-history":[{"count":22,"href":"http:\/\/www.lyceecharlescoulomb.fr\/site\/index.php?rest_route=\/wp\/v2\/pages\/745\/revisions"}],"predecessor-version":[{"id":6309,"href":"http:\/\/www.lyceecharlescoulomb.fr\/site\/index.php?rest_route=\/wp\/v2\/pages\/745\/revisions\/6309"}],"up":[{"embeddable":true,"href":"http:\/\/www.lyceecharlescoulomb.fr\/site\/index.php?rest_route=\/wp\/v2\/pages\/741"}],"wp:attachment":[{"href":"http:\/\/www.lyceecharlescoulomb.fr\/site\/index.php?rest_route=%2Fwp%2Fv2%2Fmedia&parent=745"}],"curies":[{"name":"wp","href":"https:\/\/api.w.org\/{rel}","templated":true}]}}