{"id":1214,"date":"2019-11-16T12:22:02","date_gmt":"2019-11-16T11:22:02","guid":{"rendered":"http:\/\/www.lyceecharlescoulomb.fr\/site\/?page_id=1214"},"modified":"2022-04-05T17:48:53","modified_gmt":"2022-04-05T15:48:53","slug":"presentation","status":"publish","type":"page","link":"https:\/\/www.lyceecharlescoulomb.fr\/site\/?page_id=1214","title":{"rendered":"Pr\u00e9sentation"},"content":{"rendered":"<h2>Cette formation en trois ans, valant grade licence, remplace la MANAA et les BTS d&rsquo;arts appliqu\u00e9s. Le statut d&rsquo;\u00e9tudiant ouvre droit aux bourses de l&rsquo;enseignement sup\u00e9rieur.<\/h2>\n<h2><span style=\"color: #962b25;\">Contenu et organisation des enseignements pour la formation.<\/span><\/h2>\n<p><span style=\"background-color: #962b25; color: #ffffff;\"><strong>1\u00e8re ann\u00e9e<\/strong> :<\/span> Les deux premiers semestres sont ceux de la d\u00e9couverte et de l\u2019acquisition des fondamentaux en design. Ils fondent le socle commun \u00e0 la transmission d\u2019une culture design constitu\u00e9e de th\u00e9ories, de m\u00e9thodes, de pratiques, de modes de production articul\u00e9s \u00e0 la cr\u00e9ation et \u00e0 la concr\u00e9tisation de projets en design d\u2019espace.<\/p>\n<p><span style=\"background-color: #962b25; color: #ffffff;\"><b>2e ann\u00e9e\u00a0<\/b>:<\/span> Les troisi\u00e8mes et quatri\u00e8mes semestres sont ceux de l\u2019approfondissement des sp\u00e9cialit\u00e9s. Ils sont \u00e9galement le moment privil\u00e9gi\u00e9 de la construction d\u2019une culture scientifique et technique appliqu\u00e9e aux diff\u00e9rents domaines du design d\u2019espace.<\/p>\n<p><span style=\"background-color: #962b25; color: #ffffff;\"><b>3\u00e8me ann\u00e9e\u00a0<\/b>:<\/span> Les cinqui\u00e8mes et sixi\u00e8mes semestres se concentrent sur le perfectionnement professionnel. L\u2019\u00e9tudiant se d\u00e9termine pour un champ professionnel sp\u00e9cifique, fort de l\u2019ensemble des comp\u00e9tences acquises tout au long du cursus. Le projet professionnel est l\u2019aboutissement de son parcours. Il lui permet de faire le choix d\u2019une insertion professionnelle ou d\u2019une poursuite d\u2019\u00e9tudes vers un niveau sup\u00e9rieur.<\/p>\n<p><span style=\"background-color: #962b25; color: #ffffff;\"><b>Stages :<\/b><\/span> A l\u2019issue de la premi\u00e8re ann\u00e9e, les \u00e9tudiants effectuent un stage en agence de 2 semaines, de 8 semaines en seconde ann\u00e9e puis un stage de 4 semaines en troisi\u00e8me ann\u00e9e.<\/p>\n<p>L\u2019ensemble des UV obtenues dans toutes les disciplines sur les trois ann\u00e9es correspond \u00e0 180 cr\u00e9dits ECTS.<\/p>\n<h2><span style=\"color: #962b25;\">El\u00e9ments pris en compte pour examiner le voeu du candidat.<\/span><\/h2>\n<ul style=\"list-style-type: circle;\">\n<li>\u00catre titulaire d&rsquo;un Baccalaur\u00e9at toutes s\u00e9ries confondues.<\/li>\n<li>\u00catre titulaire d&rsquo;un Brevet des M\u00e9tiers d\u00a0&lsquo;art.<\/li>\n<\/ul>\n<p><b> Modalit\u00e9 de recrutement, examen du dossier scolaire\u00a0: <\/b><\/p>\n<p>\u00c9valuations, appr\u00e9ciations, assiduit\u00e9 \u00e0 partir du relev\u00e9 de notes du Bac de premi\u00e8re, des bulletins scolaires de la premi\u00e8re et de la terminale. Les r\u00e9sultats en math\u00e9matiques, physiques, sciences humaines, arts appliqu\u00e9s et arts plastiques seront particuli\u00e8rement analys\u00e9s. Il est attendu un tr\u00e8s bon niveau d&rsquo;expression.<br \/>\nUne r\u00e9elle motivation exprim\u00e9e pour le design dans une lettre de candidature.<\/p>\n<p>Voir les attendus sur la plate-forme Parcours Sup.<\/p>\n<p><b>Qualit\u00e9s requises<\/b><\/p>\n<p>Le futur designer doit \u00eatre polyvalent. Il doit \u00eatre dot\u00e9 d\u2019une culture g\u00e9n\u00e9rale solide, d\u2019une bonne capacit\u00e9 d\u2019analyse, du go\u00fbt du travail en \u00e9quipe, d\u2019app\u00e9tence pour la technologie, d\u2019une grande cr\u00e9ativit\u00e9 et d\u2019une r\u00e9elle force de travail.<\/p>\n<p>&nbsp;<\/p>\n","protected":false},"excerpt":{"rendered":"<p>Cette formation en trois ans, valant grade licence, remplace la MANAA et les BTS d&rsquo;arts appliqu\u00e9s. Le statut d&rsquo;\u00e9tudiant ouvre droit aux bourses de l&rsquo;enseignement sup\u00e9rieur. Contenu et organisation des [&hellip;]<\/p>\n","protected":false},"author":1,"featured_media":0,"parent":495,"menu_order":1,"comment_status":"closed","ping_status":"closed","template":"","meta":{"ocean_post_layout":"","ocean_both_sidebars_style":"","ocean_both_sidebars_content_width":0,"ocean_both_sidebars_sidebars_width":0,"ocean_sidebar":"0","ocean_second_sidebar":"0","ocean_disable_margins":"enable","ocean_add_body_class":"","ocean_shortcode_before_top_bar":"","ocean_shortcode_after_top_bar":"","ocean_shortcode_before_header":"","ocean_shortcode_after_header":"","ocean_has_shortcode":"","ocean_shortcode_after_title":"","ocean_shortcode_before_footer_widgets":"","ocean_shortcode_after_footer_widgets":"","ocean_shortcode_before_footer_bottom":"","ocean_shortcode_after_footer_bottom":"","ocean_display_top_bar":"default","ocean_display_header":"default","ocean_header_style":"","ocean_center_header_left_menu":"0","ocean_custom_header_template":"0","ocean_custom_logo":0,"ocean_custom_retina_logo":0,"ocean_custom_logo_max_width":0,"ocean_custom_logo_tablet_max_width":0,"ocean_custom_logo_mobile_max_width":0,"ocean_custom_logo_max_height":0,"ocean_custom_logo_tablet_max_height":0,"ocean_custom_logo_mobile_max_height":0,"ocean_header_custom_menu":"0","ocean_menu_typo_font_family":"0","ocean_menu_typo_font_subset":"","ocean_menu_typo_font_size":0,"ocean_menu_typo_font_size_tablet":0,"ocean_menu_typo_font_size_mobile":0,"ocean_menu_typo_font_size_unit":"px","ocean_menu_typo_font_weight":"","ocean_menu_typo_font_weight_tablet":"","ocean_menu_typo_font_weight_mobile":"","ocean_menu_typo_transform":"","ocean_menu_typo_transform_tablet":"","ocean_menu_typo_transform_mobile":"","ocean_menu_typo_line_height":0,"ocean_menu_typo_line_height_tablet":0,"ocean_menu_typo_line_height_mobile":0,"ocean_menu_typo_line_height_unit":"","ocean_menu_typo_spacing":0,"ocean_menu_typo_spacing_tablet":0,"ocean_menu_typo_spacing_mobile":0,"ocean_menu_typo_spacing_unit":"","ocean_menu_link_color":"","ocean_menu_link_color_hover":"","ocean_menu_link_color_active":"","ocean_menu_link_background":"","ocean_menu_link_hover_background":"","ocean_menu_link_active_background":"","ocean_menu_social_links_bg":"","ocean_menu_social_hover_links_bg":"","ocean_menu_social_links_color":"","ocean_menu_social_hover_links_color":"","ocean_disable_title":"default","ocean_disable_heading":"default","ocean_post_title":"","ocean_post_subheading":"","ocean_post_title_style":"","ocean_post_title_background_color":"","ocean_post_title_background":0,"ocean_post_title_bg_image_position":"","ocean_post_title_bg_image_attachment":"","ocean_post_title_bg_image_repeat":"","ocean_post_title_bg_image_size":"","ocean_post_title_height":0,"ocean_post_title_bg_overlay":0.5,"ocean_post_title_bg_overlay_color":"","ocean_disable_breadcrumbs":"default","ocean_breadcrumbs_color":"","ocean_breadcrumbs_separator_color":"","ocean_breadcrumbs_links_color":"","ocean_breadcrumbs_links_hover_color":"","ocean_display_footer_widgets":"default","ocean_display_footer_bottom":"default","ocean_custom_footer_template":"0","footnotes":""},"class_list":["post-1214","page","type-page","status-publish","hentry","entry"],"_links":{"self":[{"href":"https:\/\/www.lyceecharlescoulomb.fr\/site\/index.php?rest_route=\/wp\/v2\/pages\/1214","targetHints":{"allow":["GET"]}}],"collection":[{"href":"https:\/\/www.lyceecharlescoulomb.fr\/site\/index.php?rest_route=\/wp\/v2\/pages"}],"about":[{"href":"https:\/\/www.lyceecharlescoulomb.fr\/site\/index.php?rest_route=\/wp\/v2\/types\/page"}],"author":[{"embeddable":true,"href":"https:\/\/www.lyceecharlescoulomb.fr\/site\/index.php?rest_route=\/wp\/v2\/users\/1"}],"replies":[{"embeddable":true,"href":"https:\/\/www.lyceecharlescoulomb.fr\/site\/index.php?rest_route=%2Fwp%2Fv2%2Fcomments&post=1214"}],"version-history":[{"count":12,"href":"https:\/\/www.lyceecharlescoulomb.fr\/site\/index.php?rest_route=\/wp\/v2\/pages\/1214\/revisions"}],"predecessor-version":[{"id":4014,"href":"https:\/\/www.lyceecharlescoulomb.fr\/site\/index.php?rest_route=\/wp\/v2\/pages\/1214\/revisions\/4014"}],"up":[{"embeddable":true,"href":"https:\/\/www.lyceecharlescoulomb.fr\/site\/index.php?rest_route=\/wp\/v2\/pages\/495"}],"wp:attachment":[{"href":"https:\/\/www.lyceecharlescoulomb.fr\/site\/index.php?rest_route=%2Fwp%2Fv2%2Fmedia&parent=1214"}],"curies":[{"name":"wp","href":"https:\/\/api.w.org\/{rel}","templated":true}]}}